{"id":249,"date":"2023-04-23T08:04:00","date_gmt":"2023-04-23T06:04:00","guid":{"rendered":"https:\/\/futuriodemos.com\/default-demo\/?page_id=31"},"modified":"2025-06-21T13:55:23","modified_gmt":"2025-06-21T11:55:23","slug":"home-2","status":"publish","type":"page","link":"https:\/\/www.hiriburukoainharafootball.fr\/","title":{"rendered":"Accueil"},"content":{"rendered":"\t\t<div data-elementor-type=\"wp-post\" data-elementor-id=\"249\" class=\"elementor elementor-249\" data-elementor-post-type=\"page\">\n\t\t\t\t\t\t<section class=\"elementor-section elementor-top-section elementor-element elementor-element-994f2fd elementor-section-boxed elementor-section-height-default elementor-section-height-default wpr-particle-no wpr-jarallax-no wpr-parallax-no wpr-sticky-section-no wpr-equal-height-no\" data-id=\"994f2fd\" data-element_type=\"section\" data-e-type=\"section\">\n\t\t\t\t\t\t<div class=\"elementor-container elementor-column-gap-default\">\n\t\t\t\t\t<div class=\"elementor-column elementor-col-100 elementor-top-column elementor-element elementor-element-827af21\" data-id=\"827af21\" data-element_type=\"column\" data-e-type=\"column\">\n\t\t\t<div class=\"elementor-widget-wrap elementor-element-populated\">\n\t\t\t\t\t\t<div class=\"elementor-element elementor-element-65702b2 text-center elementor-widget__width-initial elementor-widget elementor-widget-advanced-text-block\" data-id=\"65702b2\" data-element_type=\"widget\" data-e-type=\"widget\" data-settings=\"{&quot;motion_fx_motion_fx_scrolling&quot;:&quot;yes&quot;,&quot;_animation&quot;:&quot;none&quot;,&quot;motion_fx_devices&quot;:[&quot;desktop&quot;,&quot;tablet&quot;,&quot;mobile&quot;]}\" data-widget_type=\"advanced-text-block.default\">\n\t\t\t\t<div class=\"elementor-widget-container\">\n\t\t\t\t\t<div class=\"futurio_extra_adv_text_block \" ><h6 class=\"text-content-block\"><p>Les Actualit\u00e9s<\/p><\/div><\/h6>\t\t\t\t<\/div>\n\t\t\t\t<\/div>\n\t\t\t\t\t<\/div>\n\t\t<\/div>\n\t\t\t\t\t<\/div>\n\t\t<\/section>\n\t\t\t\t<section class=\"elementor-section elementor-top-section elementor-element elementor-element-5aba462 elementor-section-boxed elementor-section-height-default elementor-section-height-default wpr-particle-no wpr-jarallax-no wpr-parallax-no wpr-sticky-section-no wpr-equal-height-no\" data-id=\"5aba462\" data-element_type=\"section\" data-e-type=\"section\">\n\t\t\t\t\t\t<div class=\"elementor-container elementor-column-gap-default\">\n\t\t\t\t\t<div class=\"elementor-column elementor-col-50 elementor-top-column elementor-element elementor-element-04e0160\" data-id=\"04e0160\" data-element_type=\"column\" data-e-type=\"column\">\n\t\t\t<div class=\"elementor-widget-wrap elementor-element-populated\">\n\t\t\t\t\t\t<div class=\"elementor-element elementor-element-8943025 elementor-widget__width-initial elementor-widget elementor-widget-html\" data-id=\"8943025\" data-element_type=\"widget\" data-e-type=\"widget\" data-widget_type=\"html.default\">\n\t\t\t\t<div class=\"elementor-widget-container\">\n\t\t\t\t\t<div style=\"position: relative; width:100%; height: 100%; overflow: hidden;\">\n  <!-- 1er Iframe SportCorico -->\n  \n  <iframe src=\"https:\/\/widgets.scorenco.com\/previous-next\/105889\" \n    width=\"100%\"\n    id=\"efeadcabddae\"\n    style=\"border: none; position: relative; display: block; margin-bottom: -80px;\">\n  <\/iframe>\n\n  <!-- Superposition transparente pour bloquer l\nes liens externes -->\n  <div style=\"\n    position: absolute;\n    top: 50px; \/* Commence juste apr\u00e8s l'en-t\u00eate *\/\n    left: 0;\n    width: 100%;\n    height: calc(100% - 50px); \/* Masque tout sauf l'en-t\u00eate *\/\n    background: transparent;\n    pointer-events: auto; \/* Bloque les clics en dehors de l'en-t\u00eate *\/\n  \"><\/div>\n<\/div>\n\n<script src='https:\/\/cdnjs.cloudflare.com\/ajax\/libs\/iframe-resizer\/3.5.5\/iframeResizer.min.js'><\/script>\n<script>\n  iFrameResize({\n    log: true,\n    heightCalculationMethod: 'lowestElement'\n  }, '#efeadcabddae');\n<\/script>\n\t\t\t\t<\/div>\n\t\t\t\t<\/div>\n\t\t\t\t\t<\/div>\n\t\t<\/div>\n\t\t\t\t<div class=\"elementor-column elementor-col-50 elementor-top-column elementor-element elementor-element-3fd0cb2\" data-id=\"3fd0cb2\" data-element_type=\"column\" data-e-type=\"column\">\n\t\t\t<div class=\"elementor-widget-wrap elementor-element-populated\">\n\t\t\t\t\t\t<div class=\"elementor-element elementor-element-2fd3130 elementor-widget__width-initial elementor-widget elementor-widget-wp-widget-wpzoom_instagram_widget\" data-id=\"2fd3130\" data-element_type=\"widget\" data-e-type=\"widget\" data-widget_type=\"wp-widget-wpzoom_instagram_widget.default\">\n\t\t\t\t<div class=\"elementor-widget-container\">\n\t\t\t\t\t\t\t<ul class=\"zoom-instagram-widget__items layout-legacy zoom-instagram-widget__items--no-js\"\n\t\t\tdata-images-per-row=\"2\"\n\t\t\tdata-image-width=\"280\"\n\t\t\tdata-image-spacing=\"5\"\n\t\t\tdata-image-resolution=\"default_algorithm\"\n\t\t\tdata-image-lazy-loading=\"1\"\n\t\t\tdata-lightbox=\"1\">\n\n\t\t\t\t\t\t\t\n\t\t\t\t<li class=\"zoom-instagram-widget__item\" data-media-type=\"carousel_album\">\n\n\t\t\t\t\t\t\t\t\t\t\t<div class=\"hover-layout zoom-instagram-widget__overlay zoom-instagram-widget__black \">\n\t\t\t\t\t\t\t\t\t\t\t\t\t\t\t<svg class=\"svg-icon\" shape-rendering=\"geometricPrecision\">\n\t\t\t\t\t\t\t\t\t<use xlink:href=\"https:\/\/www.hiriburukoainharafootball.fr\/wp-content\/plugins\/instagram-widget-by-wpzoom\/dist\/images\/frontend\/wpzoom-instagram-icons.svg#carousel_album\"><\/use>\n\t\t\t\t\t\t\t\t<\/svg>\n\t\t\t\t\t\t\t\n\t\t\t\t\t\t\t\t\t\t\t\t\t\t<div class=\"zoom-instagram-icon-wrap\">\n\t\t\t\t\t\t\t\t<a class=\"zoom-svg-instagram-stroke\" href=\"https:\/\/www.instagram.com\/p\/DXudyv7imDr\/\" rel=\"noopener nofollow\"\n\t\t\t\t\t\t\t\t   target=\"_blank\" title=\"\ud83d\udcf7 Retour en images sur la superbe finale r\u00e9gionale Festifoot @liguefootballna de nos U13 f\u00e9minines ce week-end \u00e0 M\u00e9rignac\nNos championnes ont port\u00e9 tr\u00e8s haut les couleurs \ud83d\udd35\u26aa et pour l&#039;occasion celles \u26ab de la Nouvelle-Z\u00e9lande.\nElles ont r\u00e9gal\u00e9 footballistiquement avec 2 victoires, 2 nuls et 1 seule d\u00e9faite contre les futures vainqueurs (Girondines de Bordeaux) et une 4e place in\u00e9dite pour le HAF au classement final, mais aussi dans l&#039;\u00e9tat d&#039;esprit. Elles ont aussi fait le spectacle avec leur haka maison.\n\nZorionak Neskak \ud83d\udc4f\n\n#AupaHiriburu #grandirensemble\"><\/a>\n\t\t\t\t\t\t\t<\/div>\n\n\n\t\t\t\t\t\t\t<a class=\"zoom-instagram-link zoom-instagram-link-old\" data-src=\"https:\/\/www.hiriburukoainharafootball.fr\/wp-content\/uploads\/2023\/04\/686202026_1589791896480347_2877673207004957765_n-320x320.jpg\"\n\t\t\t\t\t\t\t   style=\"width:280px;height:280px;\"\n\t\t\t\t\t\t\t   data-mfp-src=\"18102410957065609\"\n\t\t\t\t\t\t\t   href=\"https:\/\/www.instagram.com\/p\/DXudyv7imDr\/\" target=\"_blank\" rel=\"noopener nofollow\" title=\"\ud83d\udcf7 Retour en images sur la superbe finale r\u00e9gionale Festifoot @liguefootballna de nos U13 f\u00e9minines ce week-end \u00e0 M\u00e9rignac\nNos championnes ont port\u00e9 tr\u00e8s haut les couleurs \ud83d\udd35\u26aa et pour l&#039;occasion celles \u26ab de la Nouvelle-Z\u00e9lande.\nElles ont r\u00e9gal\u00e9 footballistiquement avec 2 victoires, 2 nuls et 1 seule d\u00e9faite contre les futures vainqueurs (Girondines de Bordeaux) et une 4e place in\u00e9dite pour le HAF au classement final, mais aussi dans l&#039;\u00e9tat d&#039;esprit. Elles ont aussi fait le spectacle avec leur haka maison.\n\nZorionak Neskak \ud83d\udc4f\n\n#AupaHiriburu #grandirensemble\"\n\t\t\t\t\t\t\t>\n\t\t\t\t\t\t\t<\/a>\n\t\t\t\t\t\t<\/div>\n\t\t\t\t\t\t\t\t\t<\/li>\n\n\t\t\t\t\n\t\t\t\t\t\t\t\n\t\t\t\t<li class=\"zoom-instagram-widget__item\" data-media-type=\"carousel_album\">\n\n\t\t\t\t\t\t\t\t\t\t\t<div class=\"hover-layout zoom-instagram-widget__overlay zoom-instagram-widget__black \">\n\t\t\t\t\t\t\t\t\t\t\t\t\t\t\t<svg class=\"svg-icon\" shape-rendering=\"geometricPrecision\">\n\t\t\t\t\t\t\t\t\t<use xlink:href=\"https:\/\/www.hiriburukoainharafootball.fr\/wp-content\/plugins\/instagram-widget-by-wpzoom\/dist\/images\/frontend\/wpzoom-instagram-icons.svg#carousel_album\"><\/use>\n\t\t\t\t\t\t\t\t<\/svg>\n\t\t\t\t\t\t\t\n\t\t\t\t\t\t\t\t\t\t\t\t\t\t<div class=\"zoom-instagram-icon-wrap\">\n\t\t\t\t\t\t\t\t<a class=\"zoom-svg-instagram-stroke\" href=\"https:\/\/www.instagram.com\/p\/DXmp_jXinzu\/\" rel=\"noopener nofollow\"\n\t\t\t\t\t\t\t\t   target=\"_blank\" title=\"\u26bd Quelque tr\u00e8s beaux r\u00e9sultats pour nos \ud83d\udd35\u26aa ce week-end\n\n\u2705 Net succ\u00e8s de nos S\u00e9niors R2 qui restent en course pour la mont\u00e9e (2e)\n\u2705 Nouvelle victoire pour nos S\u00e9niors R3 chez un concurrent direct pour le maintien toujours accessible\n\u2705 Les U14 R2 s&#039;imposent et s&#039;accrochent au peloton de t\u00eate pour rester au niveau r\u00e9gionale la saison prochaine\n\u2705 Magnifique performance de nos U13 F\u00e9minines qui terminent \u00e0 la 4e place du tournoi Festifoot r\u00e9gionale @liguefootballna \ud83d\udc4f\n\n#AupaHiriburu #grandirensemble\"><\/a>\n\t\t\t\t\t\t\t<\/div>\n\n\n\t\t\t\t\t\t\t<a class=\"zoom-instagram-link zoom-instagram-link-old\" data-src=\"https:\/\/www.hiriburukoainharafootball.fr\/wp-content\/uploads\/2023\/04\/679486553_1586849933441210_931055844155220344_n-256x320.jpg\"\n\t\t\t\t\t\t\t   style=\"width:280px;height:280px;\"\n\t\t\t\t\t\t\t   data-mfp-src=\"17934869037055107\"\n\t\t\t\t\t\t\t   href=\"https:\/\/www.instagram.com\/p\/DXmp_jXinzu\/\" target=\"_blank\" rel=\"noopener nofollow\" title=\"\u26bd Quelque tr\u00e8s beaux r\u00e9sultats pour nos \ud83d\udd35\u26aa ce week-end\n\n\u2705 Net succ\u00e8s de nos S\u00e9niors R2 qui restent en course pour la mont\u00e9e (2e)\n\u2705 Nouvelle victoire pour nos S\u00e9niors R3 chez un concurrent direct pour le maintien toujours accessible\n\u2705 Les U14 R2 s&#039;imposent et s&#039;accrochent au peloton de t\u00eate pour rester au niveau r\u00e9gionale la saison prochaine\n\u2705 Magnifique performance de nos U13 F\u00e9minines qui terminent \u00e0 la 4e place du tournoi Festifoot r\u00e9gionale @liguefootballna \ud83d\udc4f\n\n#AupaHiriburu #grandirensemble\"\n\t\t\t\t\t\t\t>\n\t\t\t\t\t\t\t<\/a>\n\t\t\t\t\t\t<\/div>\n\t\t\t\t\t\t\t\t\t<\/li>\n\n\t\t\t\t\n\t\t\t\t\t\t\t\n\t\t\t\t<li class=\"zoom-instagram-widget__item\" data-media-type=\"carousel_album\">\n\n\t\t\t\t\t\t\t\t\t\t\t<div class=\"hover-layout zoom-instagram-widget__overlay zoom-instagram-widget__black \">\n\t\t\t\t\t\t\t\t\t\t\t\t\t\t\t<svg class=\"svg-icon\" shape-rendering=\"geometricPrecision\">\n\t\t\t\t\t\t\t\t\t<use xlink:href=\"https:\/\/www.hiriburukoainharafootball.fr\/wp-content\/plugins\/instagram-widget-by-wpzoom\/dist\/images\/frontend\/wpzoom-instagram-icons.svg#carousel_album\"><\/use>\n\t\t\t\t\t\t\t\t<\/svg>\n\t\t\t\t\t\t\t\n\t\t\t\t\t\t\t\t\t\t\t\t\t\t<div class=\"zoom-instagram-icon-wrap\">\n\t\t\t\t\t\t\t\t<a class=\"zoom-svg-instagram-stroke\" href=\"https:\/\/www.instagram.com\/p\/DXhTWfbD5zL\/\" rel=\"noopener nofollow\"\n\t\t\t\t\t\t\t\t   target=\"_blank\" title=\"\u26bd Deux grosses affiches ce week-end \u00e0 Etxerruti pour les \ud83d\udd35\u26aa\n\n\ud83d\udcc6 Samedi 25\n\ud83c\udfc3 S\u00e9niors R2 \n\ud83c\udd9a @suafootball_agen \n\u231a 19h\nLe 3e re\u00e7oit le 4e, la mont\u00e9e se joue l\u00e0, venez les soutenir\n\n\ud83d\udcc6 Dimanche 26\n\ud83c\udfc3 S\u00e9niors F\u00e9minines D1\n\ud83c\udd9a @fctsy.feminines40 \n\u231a 15h\nGoazen Neskak !\n\n#AupaHiriburu\"><\/a>\n\t\t\t\t\t\t\t<\/div>\n\n\n\t\t\t\t\t\t\t<a class=\"zoom-instagram-link zoom-instagram-link-old\" data-src=\"https:\/\/www.hiriburukoainharafootball.fr\/wp-content\/uploads\/2023\/04\/678786915_1584738553652348_5741296260014324559_n-256x320.jpg\"\n\t\t\t\t\t\t\t   style=\"width:280px;height:280px;\"\n\t\t\t\t\t\t\t   data-mfp-src=\"17853299166658374\"\n\t\t\t\t\t\t\t   href=\"https:\/\/www.instagram.com\/p\/DXhTWfbD5zL\/\" target=\"_blank\" rel=\"noopener nofollow\" title=\"\u26bd Deux grosses affiches ce week-end \u00e0 Etxerruti pour les \ud83d\udd35\u26aa\n\n\ud83d\udcc6 Samedi 25\n\ud83c\udfc3 S\u00e9niors R2 \n\ud83c\udd9a @suafootball_agen \n\u231a 19h\nLe 3e re\u00e7oit le 4e, la mont\u00e9e se joue l\u00e0, venez les soutenir\n\n\ud83d\udcc6 Dimanche 26\n\ud83c\udfc3 S\u00e9niors F\u00e9minines D1\n\ud83c\udd9a @fctsy.feminines40 \n\u231a 15h\nGoazen Neskak !\n\n#AupaHiriburu\"\n\t\t\t\t\t\t\t>\n\t\t\t\t\t\t\t<\/a>\n\t\t\t\t\t\t<\/div>\n\t\t\t\t\t\t\t\t\t<\/li>\n\n\t\t\t\t\n\t\t\t\t\t\t\t\n\t\t\t\t<li class=\"zoom-instagram-widget__item\" data-media-type=\"carousel_album\">\n\n\t\t\t\t\t\t\t\t\t\t\t<div class=\"hover-layout zoom-instagram-widget__overlay zoom-instagram-widget__black \">\n\t\t\t\t\t\t\t\t\t\t\t\t\t\t\t<svg class=\"svg-icon\" shape-rendering=\"geometricPrecision\">\n\t\t\t\t\t\t\t\t\t<use xlink:href=\"https:\/\/www.hiriburukoainharafootball.fr\/wp-content\/plugins\/instagram-widget-by-wpzoom\/dist\/images\/frontend\/wpzoom-instagram-icons.svg#carousel_album\"><\/use>\n\t\t\t\t\t\t\t\t<\/svg>\n\t\t\t\t\t\t\t\n\t\t\t\t\t\t\t\t\t\t\t\t\t\t<div class=\"zoom-instagram-icon-wrap\">\n\t\t\t\t\t\t\t\t<a class=\"zoom-svg-instagram-stroke\" href=\"https:\/\/www.instagram.com\/p\/DXgupxjivF7\/\" rel=\"noopener nofollow\"\n\t\t\t\t\t\t\t\t   target=\"_blank\" title=\"\ud83d\udcc6 C&#039;est la reprise ! Une grande majorit\u00e9 de nos \u00e9quipes seront sur les terrains ce week-end \nLe \u26bd plut\u00f4t que le \ud83d\udc37 notamment pour \n\u27a1 Nos U14 R2 qui re\u00e7oivent @arinluzien \u00e0 13h samedi dans la lutte pour le maintien\n\u27a1 Nos U17R1 qui re\u00e7oivent @lesamfootball \u00e0 15h30 l\u00e0 aussi une rencontre d\u00e9terminante pour rester \u00e0 ce niveau\n\u27a1 Nos S\u00e9niors R2 qui accueillent @suafootball_agen samedi \u00e0 19h\n\u27a1 Nos S\u00e9niors R3 qui ont un d\u00e9placement important \u00e0 @uscenonfootball \n\u27a1 Nos S\u00e9niors F\u00e9minines qui jouent dimanche \u00e0 la maison contre @fctsy.feminines40 \nEt on oublie pas nos 7 valeureux arbitres sur les terrains ce week-end \ud83d\ude4f\nOn vous attend nombreuses et nombreux pour les soutenir\n\n#AupaHiriburu\"><\/a>\n\t\t\t\t\t\t\t<\/div>\n\n\n\t\t\t\t\t\t\t<a class=\"zoom-instagram-link zoom-instagram-link-old\" data-src=\"https:\/\/www.hiriburukoainharafootball.fr\/wp-content\/uploads\/2023\/04\/679645135_1584588767000660_6330903614557557346_n-256x320.jpg\"\n\t\t\t\t\t\t\t   style=\"width:280px;height:280px;\"\n\t\t\t\t\t\t\t   data-mfp-src=\"17934998454225780\"\n\t\t\t\t\t\t\t   href=\"https:\/\/www.instagram.com\/p\/DXgupxjivF7\/\" target=\"_blank\" rel=\"noopener nofollow\" title=\"\ud83d\udcc6 C&#039;est la reprise ! Une grande majorit\u00e9 de nos \u00e9quipes seront sur les terrains ce week-end \nLe \u26bd plut\u00f4t que le \ud83d\udc37 notamment pour \n\u27a1 Nos U14 R2 qui re\u00e7oivent @arinluzien \u00e0 13h samedi dans la lutte pour le maintien\n\u27a1 Nos U17R1 qui re\u00e7oivent @lesamfootball \u00e0 15h30 l\u00e0 aussi une rencontre d\u00e9terminante pour rester \u00e0 ce niveau\n\u27a1 Nos S\u00e9niors R2 qui accueillent @suafootball_agen samedi \u00e0 19h\n\u27a1 Nos S\u00e9niors R3 qui ont un d\u00e9placement important \u00e0 @uscenonfootball \n\u27a1 Nos S\u00e9niors F\u00e9minines qui jouent dimanche \u00e0 la maison contre @fctsy.feminines40 \nEt on oublie pas nos 7 valeureux arbitres sur les terrains ce week-end \ud83d\ude4f\nOn vous attend nombreuses et nombreux pour les soutenir\n\n#AupaHiriburu\"\n\t\t\t\t\t\t\t>\n\t\t\t\t\t\t\t<\/a>\n\t\t\t\t\t\t<\/div>\n\t\t\t\t\t\t\t\t\t<\/li>\n\n\t\t\t\t\n\t\t\t\t\t\t\t\n\t\t\t\t<li class=\"zoom-instagram-widget__item\" data-media-type=\"carousel_album\">\n\n\t\t\t\t\t\t\t\t\t\t\t<div class=\"hover-layout zoom-instagram-widget__overlay zoom-instagram-widget__black \">\n\t\t\t\t\t\t\t\t\t\t\t\t\t\t\t<svg class=\"svg-icon\" shape-rendering=\"geometricPrecision\">\n\t\t\t\t\t\t\t\t\t<use xlink:href=\"https:\/\/www.hiriburukoainharafootball.fr\/wp-content\/plugins\/instagram-widget-by-wpzoom\/dist\/images\/frontend\/wpzoom-instagram-icons.svg#carousel_album\"><\/use>\n\t\t\t\t\t\t\t\t<\/svg>\n\t\t\t\t\t\t\t\n\t\t\t\t\t\t\t\t\t\t\t\t\t\t<div class=\"zoom-instagram-icon-wrap\">\n\t\t\t\t\t\t\t\t<a class=\"zoom-svg-instagram-stroke\" href=\"https:\/\/www.instagram.com\/p\/DXe-CTKgQSF\/\" rel=\"noopener nofollow\"\n\t\t\t\t\t\t\t\t   target=\"_blank\" title=\"\u26bd Les portes du HAF sont ouvertes \ud83d\udd35\u26aa\nToutes les infos et les liens pour venir t&#039;essayer sont ici et en QR Code sur les affiches, que tu sois\n\ud83d\udc66\ud83d\udc67 en pr\u00e9formation (filles n\u00e9es en 2016 et 2017 et gar\u00e7ons n\u00e9s entre 2014 et 2017) \ud83d\udc49 https:\/\/docs.google.com\/forms\/d\/1ssIq7XMeRd4531VvRe11psx5iJ3Gd-vwG1dY7qw_J8o\/edit\n\ud83c\udfc3\u200d\u2640 joueuse en formation (filles n\u00e9es entre 2011 et 2015) \ud83d\udc49 https:\/\/forms.gle\/t7hwqZLKJcTweRTD9\n\ud83c\udfc3 joueurs en formation (gar\u00e7ons n\u00e9s en 2012 et 2013) \ud83d\udc49 https:\/\/opn.to\/a\/aN8FX6\n\n#AupaHiriburu #grandirensemble\"><\/a>\n\t\t\t\t\t\t\t<\/div>\n\n\n\t\t\t\t\t\t\t<a class=\"zoom-instagram-link zoom-instagram-link-old\" data-src=\"https:\/\/www.hiriburukoainharafootball.fr\/wp-content\/uploads\/2023\/04\/678782911_1583950333731170_3661810205536679534_n-256x320.jpg\"\n\t\t\t\t\t\t\t   style=\"width:280px;height:280px;\"\n\t\t\t\t\t\t\t   data-mfp-src=\"18350358655210184\"\n\t\t\t\t\t\t\t   href=\"https:\/\/www.instagram.com\/p\/DXe-CTKgQSF\/\" target=\"_blank\" rel=\"noopener nofollow\" title=\"\u26bd Les portes du HAF sont ouvertes \ud83d\udd35\u26aa\nToutes les infos et les liens pour venir t&#039;essayer sont ici et en QR Code sur les affiches, que tu sois\n\ud83d\udc66\ud83d\udc67 en pr\u00e9formation (filles n\u00e9es en 2016 et 2017 et gar\u00e7ons n\u00e9s entre 2014 et 2017) \ud83d\udc49 https:\/\/docs.google.com\/forms\/d\/1ssIq7XMeRd4531VvRe11psx5iJ3Gd-vwG1dY7qw_J8o\/edit\n\ud83c\udfc3\u200d\u2640 joueuse en formation (filles n\u00e9es entre 2011 et 2015) \ud83d\udc49 https:\/\/forms.gle\/t7hwqZLKJcTweRTD9\n\ud83c\udfc3 joueurs en formation (gar\u00e7ons n\u00e9s en 2012 et 2013) \ud83d\udc49 https:\/\/opn.to\/a\/aN8FX6\n\n#AupaHiriburu #grandirensemble\"\n\t\t\t\t\t\t\t>\n\t\t\t\t\t\t\t<\/a>\n\t\t\t\t\t\t<\/div>\n\t\t\t\t\t\t\t\t\t<\/li>\n\n\t\t\t\t\n\t\t\t\t\t\t\t\n\t\t\t\t<li class=\"zoom-instagram-widget__item\" data-media-type=\"image\">\n\n\t\t\t\t\t\t\t\t\t\t\t<div class=\"hover-layout zoom-instagram-widget__overlay zoom-instagram-widget__black \">\n\t\t\t\t\t\t\t\n\t\t\t\t\t\t\t\t\t\t\t\t\t\t<div class=\"zoom-instagram-icon-wrap\">\n\t\t\t\t\t\t\t\t<a class=\"zoom-svg-instagram-stroke\" href=\"https:\/\/www.instagram.com\/p\/DXb65X4iNCY\/\" rel=\"noopener nofollow\"\n\t\t\t\t\t\t\t\t   target=\"_blank\" title=\"\u26bd\ufe0f Entra\u00eenement de haut niveau \u26bd\ufe0f\n\nSuite \u00e0 un entra\u00eenement enrichissant r\u00e9alis\u00e9 avec Bilbao, Cl\u00e9ment LECORNE U14 ( \u00e0 droite sur la photo) continue de progresser et de se confronter \u00e0 l\u2019exigence du haut niveau \ud83d\udcaa\n\nUne belle exp\u00e9rience qui lui permet de d\u00e9velopper ses qualit\u00e9s et de franchir un cap dans son parcours \ud83d\udc4f\n\nUne reconnaissance pour la formation du HAF o\u00f9 Cl\u00e9ment \u00e9volue depuis ses d\u00e9buts. \ud83d\udd35\u26aa\ufe0f\n\n\ud83d\udcf8 Retour en image sur ce moment\n\n#Football #Entra\u00eenement #Progression #Aupahiriburu #grandirensemble\"><\/a>\n\t\t\t\t\t\t\t<\/div>\n\n\n\t\t\t\t\t\t\t<a class=\"zoom-instagram-link zoom-instagram-link-old\" data-src=\"https:\/\/www.hiriburukoainharafootball.fr\/wp-content\/uploads\/2023\/04\/670875929_18100526288318547_7874693924180207037_n-240x320.jpg\"\n\t\t\t\t\t\t\t   style=\"width:280px;height:280px;\"\n\t\t\t\t\t\t\t   data-mfp-src=\"18585400054008624\"\n\t\t\t\t\t\t\t   href=\"https:\/\/www.instagram.com\/p\/DXb65X4iNCY\/\" target=\"_blank\" rel=\"noopener nofollow\" title=\"\u26bd\ufe0f Entra\u00eenement de haut niveau \u26bd\ufe0f\n\nSuite \u00e0 un entra\u00eenement enrichissant r\u00e9alis\u00e9 avec Bilbao, Cl\u00e9ment LECORNE U14 ( \u00e0 droite sur la photo) continue de progresser et de se confronter \u00e0 l\u2019exigence du haut niveau \ud83d\udcaa\n\nUne belle exp\u00e9rience qui lui permet de d\u00e9velopper ses qualit\u00e9s et de franchir un cap dans son parcours \ud83d\udc4f\n\nUne reconnaissance pour la formation du HAF o\u00f9 Cl\u00e9ment \u00e9volue depuis ses d\u00e9buts. \ud83d\udd35\u26aa\ufe0f\n\n\ud83d\udcf8 Retour en image sur ce moment\n\n#Football #Entra\u00eenement #Progression #Aupahiriburu #grandirensemble\"\n\t\t\t\t\t\t\t>\n\t\t\t\t\t\t\t<\/a>\n\t\t\t\t\t\t<\/div>\n\t\t\t\t\t\t\t\t\t<\/li>\n\n\t\t\t\t\n\t\t<\/ul>\n\n\t\t\t\t\t<div class=\"wpz-insta-lightbox-wrapper mfp-hide\">\n\t\t\t\t<div class=\"swiper\">\n\t\t\t\t\t<div class=\"swiper-wrapper\">\n\t\t\t\t\t\t\n\t\t\t\t\t\t\t<div data-uid=\"18102410957065609\" class=\"swiper-slide wpz-insta-lightbox-item\">\n\t\t\t\t\t\t\t\t<div class=\"wpz-insta-lightbox\">\n\t\t\t\t\t\t\t\t\t<div class=\"image-wrapper\">\n\t\t\t\t\t\t\t\t\t\t\t\t\t\t\t\t\t\t\t\t\t<div class=\"swiper\" style=\"height: 100%;\">\n\t\t\t\t\t\t\t\t\t\t\t\t<div class=\"swiper-wrapper wpz-insta-album-images\">\n\t\t\t\t\t\t\t\t\t\t\t\t\t\n\t\t\t\t\t\t\t\t\t\t\t\t\t\t<div class=\"swiper-slide wpz-insta-album-image\" data-media-type=\"image\">\n\t\t\t\t\t\t\t\t\t\t\t\t\t\t\t\t\t\t\t\t\t\t\t\t\t\t\t\t\t\t\t<img class=\"wpzoom-swiper-image swiper-lazy\"  data-src=\"https:\/\/scontent-fra3-2.cdninstagram.com\/v\/t39.30808-6\/686202026_1589791896480347_2877673207004957765_n.jpg?stp=dst-jpg_e35_tt6&#038;_nc_cat=104&#038;ccb=7-5&#038;_nc_sid=18de74&#038;efg=eyJlZmdfdGFnIjoiQ0FST1VTRUxfSVRFTS5iZXN0X2ltYWdlX3VybGdlbi5DMyJ9&#038;_nc_ohc=0mO7vMlILtgQ7kNvwH_ILPJ&#038;_nc_oc=Adqj32nt7IzGhDlibub5Z1AC4ENlIp7unX_rOYwCcyE9_mRKMnhdYSAqbnOofxwA0Qk&#038;_nc_zt=23&#038;_nc_ht=scontent-fra3-2.cdninstagram.com&#038;edm=ANo9K5cEAAAA&#038;_nc_gid=b1djOmIiiHWsln7gCfgzYw&#038;_nc_tpa=Q5bMBQGTVQfSvOBpbx2pmO_qOgMlXSK53GZvv4Tkak-Ctp8GxQ7ZE2Y6zABKJ9Yc8YHMjpKzOLFnnSsT&#038;oh=00_Af2phiA1wpKHL5l-ZDfWGcHO50mLjkN1z4jt_39Z2fYORg&#038;oe=69F83407\" alt=\"\ud83d\udcf7 Retour en images sur la superbe finale r\u00e9gionale Festifoot @liguefootballna de nos U13 f\u00e9minines ce week-end \u00e0 M\u00e9rignac\nNos championnes ont port\u00e9 tr\u00e8s haut les couleurs \ud83d\udd35\u26aa et pour l&#039;occasion celles \u26ab de la Nouvelle-Z\u00e9lande.\nElles ont r\u00e9gal\u00e9 footballistiquement avec 2 victoires, 2 nuls et 1 seule d\u00e9faite contre les futures vainqueurs (Girondines de Bordeaux) et une 4e place in\u00e9dite pour le HAF au classement final, mais aussi dans l&#039;\u00e9tat d&#039;esprit. Elles ont aussi fait le spectacle avec leur haka maison.\n\nZorionak Neskak \ud83d\udc4f\n\n#AupaHiriburu #grandirensemble\"\/><div class=\"swiper-lazy-preloader swiper-lazy-preloader-white\"><\/div>\n\t\t\t\t\t\t\t\t\t\t\t\t\t\t\t\t\t\t\t\t\t\t\t\t\t\t\t\t\t<\/div>\n\t\t\t\t\t\t\t\t\t\t\t\t\t\n\t\t\t\t\t\t\t\t\t\t\t\t\t\t<div class=\"swiper-slide wpz-insta-album-image\" data-media-type=\"image\">\n\t\t\t\t\t\t\t\t\t\t\t\t\t\t\t\t\t\t\t\t\t\t\t\t\t\t\t\t\t\t\t<img class=\"wpzoom-swiper-image swiper-lazy\"  data-src=\"https:\/\/scontent-fra3-2.cdninstagram.com\/v\/t39.30808-6\/683002800_1589791899813680_6163998449963609444_n.jpg?stp=dst-jpg_e35_tt6&#038;_nc_cat=111&#038;ccb=7-5&#038;_nc_sid=18de74&#038;efg=eyJlZmdfdGFnIjoiQ0FST1VTRUxfSVRFTS5iZXN0X2ltYWdlX3VybGdlbi5DMyJ9&#038;_nc_ohc=aupIPnxbUIcQ7kNvwHuHDPs&#038;_nc_oc=AdqrVoQmoj5TiEs0ujXWKtMSevUGWlKLLxccP4z4SyLABe9bP-VK_rbQFKp4fbCUR9Y&#038;_nc_zt=23&#038;_nc_ht=scontent-fra3-2.cdninstagram.com&#038;edm=ANo9K5cEAAAA&#038;_nc_gid=b1djOmIiiHWsln7gCfgzYw&#038;_nc_tpa=Q5bMBQF_YL3og8yEwhgyTUH6GaGpW9Exw67zOYfz6AjirW6PQZkyqnpKjPnQJ2XZaUO7Rg2GM5QhteyP&#038;oh=00_Af3A8NtpaTY1pNext832D1RzHrkG9BI8OoAnF6qjYlU7Tw&#038;oe=69F83BB8\" alt=\"\ud83d\udcf7 Retour en images sur la superbe finale r\u00e9gionale Festifoot @liguefootballna de nos U13 f\u00e9minines ce week-end \u00e0 M\u00e9rignac\nNos championnes ont port\u00e9 tr\u00e8s haut les couleurs \ud83d\udd35\u26aa et pour l&#039;occasion celles \u26ab de la Nouvelle-Z\u00e9lande.\nElles ont r\u00e9gal\u00e9 footballistiquement avec 2 victoires, 2 nuls et 1 seule d\u00e9faite contre les futures vainqueurs (Girondines de Bordeaux) et une 4e place in\u00e9dite pour le HAF au classement final, mais aussi dans l&#039;\u00e9tat d&#039;esprit. Elles ont aussi fait le spectacle avec leur haka maison.\n\nZorionak Neskak \ud83d\udc4f\n\n#AupaHiriburu #grandirensemble\"\/><div class=\"swiper-lazy-preloader swiper-lazy-preloader-white\"><\/div>\n\t\t\t\t\t\t\t\t\t\t\t\t\t\t\t\t\t\t\t\t\t\t\t\t\t\t\t\t\t<\/div>\n\t\t\t\t\t\t\t\t\t\t\t\t\t\n\t\t\t\t\t\t\t\t\t\t\t\t\t\t<div class=\"swiper-slide wpz-insta-album-image\" data-media-type=\"image\">\n\t\t\t\t\t\t\t\t\t\t\t\t\t\t\t\t\t\t\t\t\t\t\t\t\t\t\t\t\t\t\t<img class=\"wpzoom-swiper-image swiper-lazy\"  data-src=\"https:\/\/scontent-fra5-1.cdninstagram.com\/v\/t39.30808-6\/685956984_1589791903147013_2046593026956885645_n.jpg?stp=dst-jpg_e35_tt6&#038;_nc_cat=100&#038;ccb=7-5&#038;_nc_sid=18de74&#038;efg=eyJlZmdfdGFnIjoiQ0FST1VTRUxfSVRFTS5iZXN0X2ltYWdlX3VybGdlbi5DMyJ9&#038;_nc_ohc=_pI8UMFWP8YQ7kNvwFBiNQW&#038;_nc_oc=AdrIHd3aAyb_bag-DNN56Mdv3kBVbJQSF6G_Y4OLv9C1gvZ04dcv8jxtHyDP3NFeTGE&#038;_nc_zt=23&#038;_nc_ht=scontent-fra5-1.cdninstagram.com&#038;edm=ANo9K5cEAAAA&#038;_nc_gid=b1djOmIiiHWsln7gCfgzYw&#038;_nc_tpa=Q5bMBQFkNOa3ECEi9Sd1N7WIQ5p1yqtC1jbEcBFm9J3wI_F95JSwwZdReNWwrn9yFwIMNXO0-6qxq-a5&#038;oh=00_Af2Fp8JhRIEfYEES5p9qKBHkr_QbQaBz7rMv9oki6BCVIA&#038;oe=69F83F81\" alt=\"\ud83d\udcf7 Retour en images sur la superbe finale r\u00e9gionale Festifoot @liguefootballna de nos U13 f\u00e9minines ce week-end \u00e0 M\u00e9rignac\nNos championnes ont port\u00e9 tr\u00e8s haut les couleurs \ud83d\udd35\u26aa et pour l&#039;occasion celles \u26ab de la Nouvelle-Z\u00e9lande.\nElles ont r\u00e9gal\u00e9 footballistiquement avec 2 victoires, 2 nuls et 1 seule d\u00e9faite contre les futures vainqueurs (Girondines de Bordeaux) et une 4e place in\u00e9dite pour le HAF au classement final, mais aussi dans l&#039;\u00e9tat d&#039;esprit. Elles ont aussi fait le spectacle avec leur haka maison.\n\nZorionak Neskak \ud83d\udc4f\n\n#AupaHiriburu #grandirensemble\"\/><div class=\"swiper-lazy-preloader swiper-lazy-preloader-white\"><\/div>\n\t\t\t\t\t\t\t\t\t\t\t\t\t\t\t\t\t\t\t\t\t\t\t\t\t\t\t\t\t<\/div>\n\t\t\t\t\t\t\t\t\t\t\t\t\t\n\t\t\t\t\t\t\t\t\t\t\t\t\t\t<div class=\"swiper-slide wpz-insta-album-image\" data-media-type=\"image\">\n\t\t\t\t\t\t\t\t\t\t\t\t\t\t\t\t\t\t\t\t\t\t\t\t\t\t\t\t\t\t\t<img class=\"wpzoom-swiper-image swiper-lazy\"  data-src=\"https:\/\/scontent-fra5-1.cdninstagram.com\/v\/t39.30808-6\/683566575_1589791946480342_8401490580664072212_n.jpg?stp=dst-jpg_e35_tt6&#038;_nc_cat=110&#038;ccb=7-5&#038;_nc_sid=18de74&#038;efg=eyJlZmdfdGFnIjoiQ0FST1VTRUxfSVRFTS5iZXN0X2ltYWdlX3VybGdlbi5DMyJ9&#038;_nc_ohc=mjF92yAsGbcQ7kNvwHY3-Hy&#038;_nc_oc=Adp5arnEjAvBL023nni7dP2_p4acesBHbrflKBprGSqKnIStTtPyocZla_9MyyasyfA&#038;_nc_zt=23&#038;_nc_ht=scontent-fra5-1.cdninstagram.com&#038;edm=ANo9K5cEAAAA&#038;_nc_gid=b1djOmIiiHWsln7gCfgzYw&#038;_nc_tpa=Q5bMBQGESM9gZn0BGvDDcBN3l4obHFqUHHROHgrnDsgtuNcMVtunMRawTT9gRIMbM8K-ECwatTecFPn2&#038;oh=00_Af32virz2o1ZLbzFQl1z2V8oIYG43HsUAb_JIxXef_OW1Q&#038;oe=69F822D4\" alt=\"\ud83d\udcf7 Retour en images sur la superbe finale r\u00e9gionale Festifoot @liguefootballna de nos U13 f\u00e9minines ce week-end \u00e0 M\u00e9rignac\nNos championnes ont port\u00e9 tr\u00e8s haut les couleurs \ud83d\udd35\u26aa et pour l&#039;occasion celles \u26ab de la Nouvelle-Z\u00e9lande.\nElles ont r\u00e9gal\u00e9 footballistiquement avec 2 victoires, 2 nuls et 1 seule d\u00e9faite contre les futures vainqueurs (Girondines de Bordeaux) et une 4e place in\u00e9dite pour le HAF au classement final, mais aussi dans l&#039;\u00e9tat d&#039;esprit. Elles ont aussi fait le spectacle avec leur haka maison.\n\nZorionak Neskak \ud83d\udc4f\n\n#AupaHiriburu #grandirensemble\"\/><div class=\"swiper-lazy-preloader swiper-lazy-preloader-white\"><\/div>\n\t\t\t\t\t\t\t\t\t\t\t\t\t\t\t\t\t\t\t\t\t\t\t\t\t\t\t\t\t<\/div>\n\t\t\t\t\t\t\t\t\t\t\t\t\t\n\t\t\t\t\t\t\t\t\t\t\t\t\t\t<div class=\"swiper-slide wpz-insta-album-image\" data-media-type=\"image\">\n\t\t\t\t\t\t\t\t\t\t\t\t\t\t\t\t\t\t\t\t\t\t\t\t\t\t\t\t\t\t\t<img class=\"wpzoom-swiper-image swiper-lazy\"  data-src=\"https:\/\/scontent-fra3-2.cdninstagram.com\/v\/t39.30808-6\/685238393_1589791943147009_122959856298229884_n.jpg?stp=dst-jpg_e35_tt6&#038;_nc_cat=111&#038;ccb=7-5&#038;_nc_sid=18de74&#038;efg=eyJlZmdfdGFnIjoiQ0FST1VTRUxfSVRFTS5iZXN0X2ltYWdlX3VybGdlbi5DMyJ9&#038;_nc_ohc=SEyaqGNx4sAQ7kNvwFKuY80&#038;_nc_oc=AdqSu5xAez8iCmGuXtQRQyBpRCWqG37bOfKHLq1MdILLBjzxa57jYg7iWAn3NJlIUVQ&#038;_nc_zt=23&#038;_nc_ht=scontent-fra3-2.cdninstagram.com&#038;edm=ANo9K5cEAAAA&#038;_nc_gid=b1djOmIiiHWsln7gCfgzYw&#038;_nc_tpa=Q5bMBQGhfqncdoj7DZC5zT0wFPW2NTkoahOs3-KBZGi6oIN9TwMLZmEcLSlZ1XIcyL9sdQwg8f06UNc0&#038;oh=00_Af1A58IWbnf_bpXT5eQ60UU4Xmqx3ViFQtU1kPtae3WJmg&#038;oe=69F84349\" alt=\"\ud83d\udcf7 Retour en images sur la superbe finale r\u00e9gionale Festifoot @liguefootballna de nos U13 f\u00e9minines ce week-end \u00e0 M\u00e9rignac\nNos championnes ont port\u00e9 tr\u00e8s haut les couleurs \ud83d\udd35\u26aa et pour l&#039;occasion celles \u26ab de la Nouvelle-Z\u00e9lande.\nElles ont r\u00e9gal\u00e9 footballistiquement avec 2 victoires, 2 nuls et 1 seule d\u00e9faite contre les futures vainqueurs (Girondines de Bordeaux) et une 4e place in\u00e9dite pour le HAF au classement final, mais aussi dans l&#039;\u00e9tat d&#039;esprit. Elles ont aussi fait le spectacle avec leur haka maison.\n\nZorionak Neskak \ud83d\udc4f\n\n#AupaHiriburu #grandirensemble\"\/><div class=\"swiper-lazy-preloader swiper-lazy-preloader-white\"><\/div>\n\t\t\t\t\t\t\t\t\t\t\t\t\t\t\t\t\t\t\t\t\t\t\t\t\t\t\t\t\t<\/div>\n\t\t\t\t\t\t\t\t\t\t\t\t\t\t\t\t\t\t\t\t\t\t\t\t\t<\/div>\n\n\t\t\t\t\t\t\t\t\t\t\t\t<div class=\"swiper-pagination\"><\/div>\n\t\t\t\t\t\t\t\t\t\t\t\t<div class=\"swiper-button-prev\"><\/div>\n\t\t\t\t\t\t\t\t\t\t\t\t<div class=\"swiper-button-next\"><\/div>\n\t\t\t\t\t\t\t\t\t\t\t<\/div>\n\t\t\t\t\t\t\t\t\t\t<div class=\"swiper-lazy-preloader swiper-lazy-preloader-white\"><\/div>\n\t\t\t\t\t\t\t\t\t<\/div>\n\t\t\t\t\t\t\t\t\t<div class=\"details-wrapper\">\n\t\t\t\t\t\t\t\t\t\t<div class=\"wpz-insta-header\">\n\t\t\t\t\t\t\t\t\t\t\t<div class=\"wpz-insta-avatar\">\n\t\t\t\t\t\t\t\t\t\t\t\t<img decoding=\"async\" src=\"https:\/\/www.hiriburukoainharafootball.fr\/wp-content\/plugins\/instagram-widget-by-wpzoom\/dist\/images\/backend\/icon-insta.png\" alt=\"hiriburuko_ainhara_football\" width=\"42\" height=\"42\"\/>\n\t\t\t\t\t\t\t\t\t\t\t<\/div>\n\t\t\t\t\t\t\t\t\t\t\t<div class=\"wpz-insta-buttons\">\n\t\t\t\t\t\t\t\t\t\t\t\t<div class=\"wpz-insta-username\">\n\t\t\t\t\t\t\t\t\t\t\t\t\t<a rel=\"noopener\" target=\"_blank\" href=\"https:\/\/instagram.com\/hiriburuko_ainhara_football\">hiriburuko_ainhara_football<\/a>\n\t\t\t\t\t\t\t\t\t\t\t\t<\/div>\n\t\t\t\t\t\t\t\t\t\t\t\t<div>&bull;<\/div>\n\t\t\t\t\t\t\t\t\t\t\t\t<div class=\"wpz-insta-follow\">\n\t\t\t\t\t\t\t\t\t\t\t\t\t<a target=\"_blank\" rel=\"noopener\"\n\t\t\t\t\t\t\t\t\t\t\t\t\thref=\"https:\/\/instagram.com\/hiriburuko_ainhara_football?ref=badge\">\n\t\t\t\t\t\t\t\t\t\t\t\t\t\tFollow\t\t\t\t\t\t\t\t\t\t\t\t\t<\/a>\n\t\t\t\t\t\t\t\t\t\t\t\t<\/div>\n\t\t\t\t\t\t\t\t\t\t\t<\/div>\n\t\t\t\t\t\t\t\t\t\t<\/div>\n\t\t\t\t\t\t\t\t\t\t\t\t\t\t\t\t\t\t\t\t\t<div class=\"wpz-insta-caption\">\n\t\t\t\t\t\t\t\t\t\t\t\t\ud83d\udcf7 Retour en images sur la superbe finale r\u00e9gionale Festifoot @liguefootballna de nos U13 f\u00e9minines ce week-end \u00e0 M\u00e9rignac\nNos championnes ont port\u00e9 tr\u00e8s haut les couleurs \ud83d\udd35\u26aa et pour l&#039;occasion celles \u26ab de la Nouvelle-Z\u00e9lande.\nElles ont r\u00e9gal\u00e9 footballistiquement avec 2 victoires, 2 nuls et 1 seule d\u00e9faite contre les futures vainqueurs (Girondines de Bordeaux) et une 4e place in\u00e9dite pour le HAF au classement final, mais aussi dans l&#039;\u00e9tat d&#039;esprit. Elles ont aussi fait le spectacle avec leur haka maison.\n\nZorionak Neskak \ud83d\udc4f\n\n#AupaHiriburu #grandirensemble\t\t\t\t\t\t\t\t\t\t\t<\/div>\n\t\t\t\t\t\t\t\t\t\t\n\t\t\t\t\t\t\t\t\t\t\t\t\t\t\t\t\t\t\t\t\t<div class=\"wpz-insta-date\">\n\t\t\t\t\t\t\t\t\t\t\t\t17 heures ago\t\t\t\t\t\t\t\t\t\t\t<\/div>\n\t\t\t\t\t\t\t\t\t\t\n\t\t\t\t\t\t\t\t\t\t<div class=\"view-post\">\n\t\t\t\t\t\t\t\t\t\t\t<a href=\"https:\/\/www.instagram.com\/p\/DXudyv7imDr\/\" target=\"_blank\" rel=\"noopener\"><span class=\"dashicons dashicons-instagram\"><\/span>View on Instagram<\/a>\n\t\t\t\t\t\t\t\t\t\t\t<span class=\"delimiter\">|<\/span>\n\t\t\t\t\t\t\t\t\t\t\t<div class=\"wpz-insta-pagination\">1\/6<\/div>\n\t\t\t\t\t\t\t\t\t\t<\/div>\n\t\t\t\t\t\t\t\t\t<\/div>\n\t\t\t\t\t\t\t\t<\/div>\n\t\t\t\t\t\t\t<\/div>\n\t\t\t\t\t\t\n\t\t\t\t\t\t\t<div data-uid=\"17934869037055107\" class=\"swiper-slide wpz-insta-lightbox-item\">\n\t\t\t\t\t\t\t\t<div class=\"wpz-insta-lightbox\">\n\t\t\t\t\t\t\t\t\t<div class=\"image-wrapper\">\n\t\t\t\t\t\t\t\t\t\t\t\t\t\t\t\t\t\t\t\t\t<div class=\"swiper\" style=\"height: 100%;\">\n\t\t\t\t\t\t\t\t\t\t\t\t<div class=\"swiper-wrapper wpz-insta-album-images\">\n\t\t\t\t\t\t\t\t\t\t\t\t\t\n\t\t\t\t\t\t\t\t\t\t\t\t\t\t<div class=\"swiper-slide wpz-insta-album-image\" data-media-type=\"image\">\n\t\t\t\t\t\t\t\t\t\t\t\t\t\t\t\t\t\t\t\t\t\t\t\t\t\t\t\t\t\t\t<img class=\"wpzoom-swiper-image swiper-lazy\"  data-src=\"https:\/\/scontent-fra5-2.cdninstagram.com\/v\/t39.30808-6\/679486553_1586849933441210_931055844155220344_n.jpg?stp=dst-jpg_e35_tt6&#038;_nc_cat=109&#038;ccb=7-5&#038;_nc_sid=18de74&#038;efg=eyJlZmdfdGFnIjoiQ0FST1VTRUxfSVRFTS5iZXN0X2ltYWdlX3VybGdlbi5DMyJ9&#038;_nc_ohc=kiKNNrAF_OEQ7kNvwGGHfV9&#038;_nc_oc=Adqf2Tn5aXCQoOxzX7p6F4yYTDVqXDQAt8WeFd353Mmd59QjzwuyYcR37qGp51u2-to&#038;_nc_zt=23&#038;_nc_ht=scontent-fra5-2.cdninstagram.com&#038;edm=ANo9K5cEAAAA&#038;_nc_gid=b1djOmIiiHWsln7gCfgzYw&#038;_nc_tpa=Q5bMBQEPVpx8S_X2hFYgP77QO13a6_v7lSi8wrmHIjDtjCU928VeTdiO_DvSi26esXGtA-f2sGdzT-97&#038;oh=00_Af08w9HUHzJAJZqu8GYTyfVFLdhu8DXkjesuorcbbDQ4Og&#038;oe=69F83ACE\" alt=\"\u26bd Quelque tr\u00e8s beaux r\u00e9sultats pour nos \ud83d\udd35\u26aa ce week-end\n\n\u2705 Net succ\u00e8s de nos S\u00e9niors R2 qui restent en course pour la mont\u00e9e (2e)\n\u2705 Nouvelle victoire pour nos S\u00e9niors R3 chez un concurrent direct pour le maintien toujours accessible\n\u2705 Les U14 R2 s&#039;imposent et s&#039;accrochent au peloton de t\u00eate pour rester au niveau r\u00e9gionale la saison prochaine\n\u2705 Magnifique performance de nos U13 F\u00e9minines qui terminent \u00e0 la 4e place du tournoi Festifoot r\u00e9gionale @liguefootballna \ud83d\udc4f\n\n#AupaHiriburu #grandirensemble\"\/><div class=\"swiper-lazy-preloader swiper-lazy-preloader-white\"><\/div>\n\t\t\t\t\t\t\t\t\t\t\t\t\t\t\t\t\t\t\t\t\t\t\t\t\t\t\t\t\t<\/div>\n\t\t\t\t\t\t\t\t\t\t\t\t\t\n\t\t\t\t\t\t\t\t\t\t\t\t\t\t<div class=\"swiper-slide wpz-insta-album-image\" data-media-type=\"image\">\n\t\t\t\t\t\t\t\t\t\t\t\t\t\t\t\t\t\t\t\t\t\t\t\t\t\t\t\t\t\t\t<img class=\"wpzoom-swiper-image swiper-lazy\"  data-src=\"https:\/\/scontent-fra3-1.cdninstagram.com\/v\/t39.30808-6\/682990991_1586849930107877_3719570029952804071_n.jpg?stp=dst-jpg_e35_tt6&#038;_nc_cat=103&#038;ccb=7-5&#038;_nc_sid=18de74&#038;efg=eyJlZmdfdGFnIjoiQ0FST1VTRUxfSVRFTS5iZXN0X2ltYWdlX3VybGdlbi5DMyJ9&#038;_nc_ohc=NBdtaRh7YBcQ7kNvwG4vk5i&#038;_nc_oc=Adq51KSXe9j6olG68NU1WVDJIzibR6zfJ8TCCE10CZ6UE1o_Q05q78xivksHIYZanzE&#038;_nc_zt=23&#038;_nc_ht=scontent-fra3-1.cdninstagram.com&#038;edm=ANo9K5cEAAAA&#038;_nc_gid=b1djOmIiiHWsln7gCfgzYw&#038;_nc_tpa=Q5bMBQGyLPys5saT8I3PHoy98D4W24jtPaIdS1g_s1Mn9tl6lzTP83KNsAX4ilN8yNMqLb7BIWFHE-sD&#038;oh=00_Af2Cc831PiU1k-FjIDFhIpSZ_DxEycFsYgmOj6cQRGmVSA&#038;oe=69F84A1E\" alt=\"\u26bd Quelque tr\u00e8s beaux r\u00e9sultats pour nos \ud83d\udd35\u26aa ce week-end\n\n\u2705 Net succ\u00e8s de nos S\u00e9niors R2 qui restent en course pour la mont\u00e9e (2e)\n\u2705 Nouvelle victoire pour nos S\u00e9niors R3 chez un concurrent direct pour le maintien toujours accessible\n\u2705 Les U14 R2 s&#039;imposent et s&#039;accrochent au peloton de t\u00eate pour rester au niveau r\u00e9gionale la saison prochaine\n\u2705 Magnifique performance de nos U13 F\u00e9minines qui terminent \u00e0 la 4e place du tournoi Festifoot r\u00e9gionale @liguefootballna \ud83d\udc4f\n\n#AupaHiriburu #grandirensemble\"\/><div class=\"swiper-lazy-preloader swiper-lazy-preloader-white\"><\/div>\n\t\t\t\t\t\t\t\t\t\t\t\t\t\t\t\t\t\t\t\t\t\t\t\t\t\t\t\t\t<\/div>\n\t\t\t\t\t\t\t\t\t\t\t\t\t\n\t\t\t\t\t\t\t\t\t\t\t\t\t\t<div class=\"swiper-slide wpz-insta-album-image\" data-media-type=\"image\">\n\t\t\t\t\t\t\t\t\t\t\t\t\t\t\t\t\t\t\t\t\t\t\t\t\t\t\t\t\t\t\t<img class=\"wpzoom-swiper-image swiper-lazy\"  data-src=\"https:\/\/scontent-fra3-1.cdninstagram.com\/v\/t39.30808-6\/680011296_1586849936774543_4193183273115608392_n.jpg?stp=dst-jpg_e35_tt6&#038;_nc_cat=103&#038;ccb=7-5&#038;_nc_sid=18de74&#038;efg=eyJlZmdfdGFnIjoiQ0FST1VTRUxfSVRFTS5iZXN0X2ltYWdlX3VybGdlbi5DMyJ9&#038;_nc_ohc=6itMt2ICjlIQ7kNvwEFUUMX&#038;_nc_oc=AdopysSFmgcUg-ijncmzRgGCX3FPeOcBOMSETyarDCFqvYvEAHEYMw7XZRlS-9cGbQU&#038;_nc_zt=23&#038;_nc_ht=scontent-fra3-1.cdninstagram.com&#038;edm=ANo9K5cEAAAA&#038;_nc_gid=b1djOmIiiHWsln7gCfgzYw&#038;_nc_tpa=Q5bMBQHJI0dg3QsQF5cBHzFoS4QzU4Q3EvwLsuleRZQMWgpZ2sLVUg4f90rT9AAF0sVMykxRr44qH4m9&#038;oh=00_Af0WcRwurURS0TjFyU0ixxDHSyFUrl2SduN44Oc8S6XRLA&#038;oe=69F8268A\" alt=\"\u26bd Quelque tr\u00e8s beaux r\u00e9sultats pour nos \ud83d\udd35\u26aa ce week-end\n\n\u2705 Net succ\u00e8s de nos S\u00e9niors R2 qui restent en course pour la mont\u00e9e (2e)\n\u2705 Nouvelle victoire pour nos S\u00e9niors R3 chez un concurrent direct pour le maintien toujours accessible\n\u2705 Les U14 R2 s&#039;imposent et s&#039;accrochent au peloton de t\u00eate pour rester au niveau r\u00e9gionale la saison prochaine\n\u2705 Magnifique performance de nos U13 F\u00e9minines qui terminent \u00e0 la 4e place du tournoi Festifoot r\u00e9gionale @liguefootballna \ud83d\udc4f\n\n#AupaHiriburu #grandirensemble\"\/><div class=\"swiper-lazy-preloader swiper-lazy-preloader-white\"><\/div>\n\t\t\t\t\t\t\t\t\t\t\t\t\t\t\t\t\t\t\t\t\t\t\t\t\t\t\t\t\t<\/div>\n\t\t\t\t\t\t\t\t\t\t\t\t\t\t\t\t\t\t\t\t\t\t\t\t\t<\/div>\n\n\t\t\t\t\t\t\t\t\t\t\t\t<div class=\"swiper-pagination\"><\/div>\n\t\t\t\t\t\t\t\t\t\t\t\t<div class=\"swiper-button-prev\"><\/div>\n\t\t\t\t\t\t\t\t\t\t\t\t<div class=\"swiper-button-next\"><\/div>\n\t\t\t\t\t\t\t\t\t\t\t<\/div>\n\t\t\t\t\t\t\t\t\t\t<div class=\"swiper-lazy-preloader swiper-lazy-preloader-white\"><\/div>\n\t\t\t\t\t\t\t\t\t<\/div>\n\t\t\t\t\t\t\t\t\t<div class=\"details-wrapper\">\n\t\t\t\t\t\t\t\t\t\t<div class=\"wpz-insta-header\">\n\t\t\t\t\t\t\t\t\t\t\t<div class=\"wpz-insta-avatar\">\n\t\t\t\t\t\t\t\t\t\t\t\t<img decoding=\"async\" src=\"https:\/\/www.hiriburukoainharafootball.fr\/wp-content\/plugins\/instagram-widget-by-wpzoom\/dist\/images\/backend\/icon-insta.png\" alt=\"hiriburuko_ainhara_football\" width=\"42\" height=\"42\"\/>\n\t\t\t\t\t\t\t\t\t\t\t<\/div>\n\t\t\t\t\t\t\t\t\t\t\t<div class=\"wpz-insta-buttons\">\n\t\t\t\t\t\t\t\t\t\t\t\t<div class=\"wpz-insta-username\">\n\t\t\t\t\t\t\t\t\t\t\t\t\t<a rel=\"noopener\" target=\"_blank\" href=\"https:\/\/instagram.com\/hiriburuko_ainhara_football\">hiriburuko_ainhara_football<\/a>\n\t\t\t\t\t\t\t\t\t\t\t\t<\/div>\n\t\t\t\t\t\t\t\t\t\t\t\t<div>&bull;<\/div>\n\t\t\t\t\t\t\t\t\t\t\t\t<div class=\"wpz-insta-follow\">\n\t\t\t\t\t\t\t\t\t\t\t\t\t<a target=\"_blank\" rel=\"noopener\"\n\t\t\t\t\t\t\t\t\t\t\t\t\thref=\"https:\/\/instagram.com\/hiriburuko_ainhara_football?ref=badge\">\n\t\t\t\t\t\t\t\t\t\t\t\t\t\tFollow\t\t\t\t\t\t\t\t\t\t\t\t\t<\/a>\n\t\t\t\t\t\t\t\t\t\t\t\t<\/div>\n\t\t\t\t\t\t\t\t\t\t\t<\/div>\n\t\t\t\t\t\t\t\t\t\t<\/div>\n\t\t\t\t\t\t\t\t\t\t\t\t\t\t\t\t\t\t\t\t\t<div class=\"wpz-insta-caption\">\n\t\t\t\t\t\t\t\t\t\t\t\t\u26bd Quelque tr\u00e8s beaux r\u00e9sultats pour nos \ud83d\udd35\u26aa ce week-end\n\n\u2705 Net succ\u00e8s de nos S\u00e9niors R2 qui restent en course pour la mont\u00e9e (2e)\n\u2705 Nouvelle victoire pour nos S\u00e9niors R3 chez un concurrent direct pour le maintien toujours accessible\n\u2705 Les U14 R2 s&#039;imposent et s&#039;accrochent au peloton de t\u00eate pour rester au niveau r\u00e9gionale la saison prochaine\n\u2705 Magnifique performance de nos U13 F\u00e9minines qui terminent \u00e0 la 4e place du tournoi Festifoot r\u00e9gionale @liguefootballna \ud83d\udc4f\n\n#AupaHiriburu #grandirensemble\t\t\t\t\t\t\t\t\t\t\t<\/div>\n\t\t\t\t\t\t\t\t\t\t\n\t\t\t\t\t\t\t\t\t\t\t\t\t\t\t\t\t\t\t\t\t<div class=\"wpz-insta-date\">\n\t\t\t\t\t\t\t\t\t\t\t\t4 jours ago\t\t\t\t\t\t\t\t\t\t\t<\/div>\n\t\t\t\t\t\t\t\t\t\t\n\t\t\t\t\t\t\t\t\t\t<div class=\"view-post\">\n\t\t\t\t\t\t\t\t\t\t\t<a href=\"https:\/\/www.instagram.com\/p\/DXmp_jXinzu\/\" target=\"_blank\" rel=\"noopener\"><span class=\"dashicons dashicons-instagram\"><\/span>View on Instagram<\/a>\n\t\t\t\t\t\t\t\t\t\t\t<span class=\"delimiter\">|<\/span>\n\t\t\t\t\t\t\t\t\t\t\t<div class=\"wpz-insta-pagination\">2\/6<\/div>\n\t\t\t\t\t\t\t\t\t\t<\/div>\n\t\t\t\t\t\t\t\t\t<\/div>\n\t\t\t\t\t\t\t\t<\/div>\n\t\t\t\t\t\t\t<\/div>\n\t\t\t\t\t\t\n\t\t\t\t\t\t\t<div data-uid=\"17853299166658374\" class=\"swiper-slide wpz-insta-lightbox-item\">\n\t\t\t\t\t\t\t\t<div class=\"wpz-insta-lightbox\">\n\t\t\t\t\t\t\t\t\t<div class=\"image-wrapper\">\n\t\t\t\t\t\t\t\t\t\t\t\t\t\t\t\t\t\t\t\t\t<div class=\"swiper\" style=\"height: 100%;\">\n\t\t\t\t\t\t\t\t\t\t\t\t<div class=\"swiper-wrapper wpz-insta-album-images\">\n\t\t\t\t\t\t\t\t\t\t\t\t\t\n\t\t\t\t\t\t\t\t\t\t\t\t\t\t<div class=\"swiper-slide wpz-insta-album-image\" data-media-type=\"image\">\n\t\t\t\t\t\t\t\t\t\t\t\t\t\t\t\t\t\t\t\t\t\t\t\t\t\t\t\t\t\t\t<img class=\"wpzoom-swiper-image swiper-lazy\"  data-src=\"https:\/\/scontent-fra5-2.cdninstagram.com\/v\/t39.30808-6\/678786915_1584738553652348_5741296260014324559_n.jpg?stp=dst-jpg_e35_tt6&#038;_nc_cat=106&#038;ccb=7-5&#038;_nc_sid=18de74&#038;efg=eyJlZmdfdGFnIjoiQ0FST1VTRUxfSVRFTS5iZXN0X2ltYWdlX3VybGdlbi5DMyJ9&#038;_nc_ohc=2SaXJMt_bGgQ7kNvwGhDmax&#038;_nc_oc=AdpBha1xMFcUpSCV2pTWAYnnfbnFfRk8kNk0rPUZEwYXOXCNw4BA0d8F1t-dbWlQm2Y&#038;_nc_zt=23&#038;_nc_ht=scontent-fra5-2.cdninstagram.com&#038;edm=ANo9K5cEAAAA&#038;_nc_gid=b1djOmIiiHWsln7gCfgzYw&#038;_nc_tpa=Q5bMBQF9vPRKGqNEecUtAh92TpJmqaRG4sgabpK7Sway1PjDC69Sv1HS_Nq2WU726U4jZHBC4vRTwl_o&#038;oh=00_Af0icYuCBNtjicNLf-JfCWWcr8FJefGFSKLtAzp3DSq7bg&#038;oe=69F83C49\" alt=\"\u26bd Deux grosses affiches ce week-end \u00e0 Etxerruti pour les \ud83d\udd35\u26aa\n\n\ud83d\udcc6 Samedi 25\n\ud83c\udfc3 S\u00e9niors R2 \n\ud83c\udd9a @suafootball_agen \n\u231a 19h\nLe 3e re\u00e7oit le 4e, la mont\u00e9e se joue l\u00e0, venez les soutenir\n\n\ud83d\udcc6 Dimanche 26\n\ud83c\udfc3 S\u00e9niors F\u00e9minines D1\n\ud83c\udd9a @fctsy.feminines40 \n\u231a 15h\nGoazen Neskak !\n\n#AupaHiriburu\"\/><div class=\"swiper-lazy-preloader swiper-lazy-preloader-white\"><\/div>\n\t\t\t\t\t\t\t\t\t\t\t\t\t\t\t\t\t\t\t\t\t\t\t\t\t\t\t\t\t<\/div>\n\t\t\t\t\t\t\t\t\t\t\t\t\t\n\t\t\t\t\t\t\t\t\t\t\t\t\t\t<div class=\"swiper-slide wpz-insta-album-image\" data-media-type=\"image\">\n\t\t\t\t\t\t\t\t\t\t\t\t\t\t\t\t\t\t\t\t\t\t\t\t\t\t\t\t\t\t\t<img class=\"wpzoom-swiper-image swiper-lazy\"  data-src=\"https:\/\/scontent-fra3-1.cdninstagram.com\/v\/t39.30808-6\/679744824_1584738556985681_8421384933251234384_n.jpg?stp=dst-jpg_e35_tt6&#038;_nc_cat=103&#038;ccb=7-5&#038;_nc_sid=18de74&#038;efg=eyJlZmdfdGFnIjoiQ0FST1VTRUxfSVRFTS5iZXN0X2ltYWdlX3VybGdlbi5DMyJ9&#038;_nc_ohc=-0VPDhveBHoQ7kNvwGEl81T&#038;_nc_oc=AdqMn85GL0oM6GHo6R4L6J5yqoGuXjuJA49Gb75lLS9Bmcx_x9KTqFJQEk_y_cJ_oHw&#038;_nc_zt=23&#038;_nc_ht=scontent-fra3-1.cdninstagram.com&#038;edm=ANo9K5cEAAAA&#038;_nc_gid=b1djOmIiiHWsln7gCfgzYw&#038;_nc_tpa=Q5bMBQFJjcUlLolHYZjwiPdPzdKPqKxqckOGKdv_qJAaPSWALbHdk1Yj_vi6jwEgnOKXQyO8ZA_vfWaR&#038;oh=00_Af1nAvCLFy-zyf7xvr9FNM-Nys3Tzs6spvmEl-yWeEGwWA&#038;oe=69F8233C\" alt=\"\u26bd Deux grosses affiches ce week-end \u00e0 Etxerruti pour les \ud83d\udd35\u26aa\n\n\ud83d\udcc6 Samedi 25\n\ud83c\udfc3 S\u00e9niors R2 \n\ud83c\udd9a @suafootball_agen \n\u231a 19h\nLe 3e re\u00e7oit le 4e, la mont\u00e9e se joue l\u00e0, venez les soutenir\n\n\ud83d\udcc6 Dimanche 26\n\ud83c\udfc3 S\u00e9niors F\u00e9minines D1\n\ud83c\udd9a @fctsy.feminines40 \n\u231a 15h\nGoazen Neskak !\n\n#AupaHiriburu\"\/><div class=\"swiper-lazy-preloader swiper-lazy-preloader-white\"><\/div>\n\t\t\t\t\t\t\t\t\t\t\t\t\t\t\t\t\t\t\t\t\t\t\t\t\t\t\t\t\t<\/div>\n\t\t\t\t\t\t\t\t\t\t\t\t\t\t\t\t\t\t\t\t\t\t\t\t\t<\/div>\n\n\t\t\t\t\t\t\t\t\t\t\t\t<div class=\"swiper-pagination\"><\/div>\n\t\t\t\t\t\t\t\t\t\t\t\t<div class=\"swiper-button-prev\"><\/div>\n\t\t\t\t\t\t\t\t\t\t\t\t<div class=\"swiper-button-next\"><\/div>\n\t\t\t\t\t\t\t\t\t\t\t<\/div>\n\t\t\t\t\t\t\t\t\t\t<div class=\"swiper-lazy-preloader swiper-lazy-preloader-white\"><\/div>\n\t\t\t\t\t\t\t\t\t<\/div>\n\t\t\t\t\t\t\t\t\t<div class=\"details-wrapper\">\n\t\t\t\t\t\t\t\t\t\t<div class=\"wpz-insta-header\">\n\t\t\t\t\t\t\t\t\t\t\t<div class=\"wpz-insta-avatar\">\n\t\t\t\t\t\t\t\t\t\t\t\t<img decoding=\"async\" src=\"https:\/\/www.hiriburukoainharafootball.fr\/wp-content\/plugins\/instagram-widget-by-wpzoom\/dist\/images\/backend\/icon-insta.png\" alt=\"hiriburuko_ainhara_football\" width=\"42\" height=\"42\"\/>\n\t\t\t\t\t\t\t\t\t\t\t<\/div>\n\t\t\t\t\t\t\t\t\t\t\t<div class=\"wpz-insta-buttons\">\n\t\t\t\t\t\t\t\t\t\t\t\t<div class=\"wpz-insta-username\">\n\t\t\t\t\t\t\t\t\t\t\t\t\t<a rel=\"noopener\" target=\"_blank\" href=\"https:\/\/instagram.com\/hiriburuko_ainhara_football\">hiriburuko_ainhara_football<\/a>\n\t\t\t\t\t\t\t\t\t\t\t\t<\/div>\n\t\t\t\t\t\t\t\t\t\t\t\t<div>&bull;<\/div>\n\t\t\t\t\t\t\t\t\t\t\t\t<div class=\"wpz-insta-follow\">\n\t\t\t\t\t\t\t\t\t\t\t\t\t<a target=\"_blank\" rel=\"noopener\"\n\t\t\t\t\t\t\t\t\t\t\t\t\thref=\"https:\/\/instagram.com\/hiriburuko_ainhara_football?ref=badge\">\n\t\t\t\t\t\t\t\t\t\t\t\t\t\tFollow\t\t\t\t\t\t\t\t\t\t\t\t\t<\/a>\n\t\t\t\t\t\t\t\t\t\t\t\t<\/div>\n\t\t\t\t\t\t\t\t\t\t\t<\/div>\n\t\t\t\t\t\t\t\t\t\t<\/div>\n\t\t\t\t\t\t\t\t\t\t\t\t\t\t\t\t\t\t\t\t\t<div class=\"wpz-insta-caption\">\n\t\t\t\t\t\t\t\t\t\t\t\t\u26bd Deux grosses affiches ce week-end \u00e0 Etxerruti pour les \ud83d\udd35\u26aa\n\n\ud83d\udcc6 Samedi 25\n\ud83c\udfc3 S\u00e9niors R2 \n\ud83c\udd9a @suafootball_agen \n\u231a 19h\nLe 3e re\u00e7oit le 4e, la mont\u00e9e se joue l\u00e0, venez les soutenir\n\n\ud83d\udcc6 Dimanche 26\n\ud83c\udfc3 S\u00e9niors F\u00e9minines D1\n\ud83c\udd9a @fctsy.feminines40 \n\u231a 15h\nGoazen Neskak !\n\n#AupaHiriburu\t\t\t\t\t\t\t\t\t\t\t<\/div>\n\t\t\t\t\t\t\t\t\t\t\n\t\t\t\t\t\t\t\t\t\t\t\t\t\t\t\t\t\t\t\t\t<div class=\"wpz-insta-date\">\n\t\t\t\t\t\t\t\t\t\t\t\t6 jours ago\t\t\t\t\t\t\t\t\t\t\t<\/div>\n\t\t\t\t\t\t\t\t\t\t\n\t\t\t\t\t\t\t\t\t\t<div class=\"view-post\">\n\t\t\t\t\t\t\t\t\t\t\t<a href=\"https:\/\/www.instagram.com\/p\/DXhTWfbD5zL\/\" target=\"_blank\" rel=\"noopener\"><span class=\"dashicons dashicons-instagram\"><\/span>View on Instagram<\/a>\n\t\t\t\t\t\t\t\t\t\t\t<span class=\"delimiter\">|<\/span>\n\t\t\t\t\t\t\t\t\t\t\t<div class=\"wpz-insta-pagination\">3\/6<\/div>\n\t\t\t\t\t\t\t\t\t\t<\/div>\n\t\t\t\t\t\t\t\t\t<\/div>\n\t\t\t\t\t\t\t\t<\/div>\n\t\t\t\t\t\t\t<\/div>\n\t\t\t\t\t\t\n\t\t\t\t\t\t\t<div data-uid=\"17934998454225780\" class=\"swiper-slide wpz-insta-lightbox-item\">\n\t\t\t\t\t\t\t\t<div class=\"wpz-insta-lightbox\">\n\t\t\t\t\t\t\t\t\t<div class=\"image-wrapper\">\n\t\t\t\t\t\t\t\t\t\t\t\t\t\t\t\t\t\t\t\t\t<div class=\"swiper\" style=\"height: 100%;\">\n\t\t\t\t\t\t\t\t\t\t\t\t<div class=\"swiper-wrapper wpz-insta-album-images\">\n\t\t\t\t\t\t\t\t\t\t\t\t\t\n\t\t\t\t\t\t\t\t\t\t\t\t\t\t<div class=\"swiper-slide wpz-insta-album-image\" data-media-type=\"image\">\n\t\t\t\t\t\t\t\t\t\t\t\t\t\t\t\t\t\t\t\t\t\t\t\t\t\t\t\t\t\t\t<img class=\"wpzoom-swiper-image swiper-lazy\"  data-src=\"https:\/\/scontent-fra3-2.cdninstagram.com\/v\/t39.30808-6\/679645135_1584588767000660_6330903614557557346_n.jpg?stp=dst-jpg_e35_tt6&#038;_nc_cat=111&#038;ccb=7-5&#038;_nc_sid=18de74&#038;_nc_aid=0&#038;efg=eyJlZmdfdGFnIjoiQ0FST1VTRUxfSVRFTS5iZXN0X2ltYWdlX3VybGdlbi5DMyJ9&#038;_nc_ohc=F7eVaFrmcGoQ7kNvwHqGR4b&#038;_nc_oc=Adrg2bfcMQcCvUfGMk7lT1sWkcCj7YTt1a6-pUy9OwyTE7OOlo5WQTQZ0s08G8KTqtc&#038;_nc_zt=23&#038;_nc_ht=scontent-fra3-2.cdninstagram.com&#038;edm=ANo9K5cEAAAA&#038;_nc_gid=b1djOmIiiHWsln7gCfgzYw&#038;_nc_tpa=Q5bMBQFpDBGKBIL4KU5Y8AmmpGSzoGIj9vWcfVcpV-iIXIdbz_6bcR1tepdW8JweOHh3Z8EevrkFyoFR&#038;oh=00_Af2BAYE8Mz13gFWa35iVW3FhmxcczpNCbVDjBI2LEZ-noA&#038;oe=69F82D85\" alt=\"\ud83d\udcc6 C&#039;est la reprise ! Une grande majorit\u00e9 de nos \u00e9quipes seront sur les terrains ce week-end \nLe \u26bd plut\u00f4t que le \ud83d\udc37 notamment pour \n\u27a1 Nos U14 R2 qui re\u00e7oivent @arinluzien \u00e0 13h samedi dans la lutte pour le maintien\n\u27a1 Nos U17R1 qui re\u00e7oivent @lesamfootball \u00e0 15h30 l\u00e0 aussi une rencontre d\u00e9terminante pour rester \u00e0 ce niveau\n\u27a1 Nos S\u00e9niors R2 qui accueillent @suafootball_agen samedi \u00e0 19h\n\u27a1 Nos S\u00e9niors R3 qui ont un d\u00e9placement important \u00e0 @uscenonfootball \n\u27a1 Nos S\u00e9niors F\u00e9minines qui jouent dimanche \u00e0 la maison contre @fctsy.feminines40 \nEt on oublie pas nos 7 valeureux arbitres sur les terrains ce week-end \ud83d\ude4f\nOn vous attend nombreuses et nombreux pour les soutenir\n\n#AupaHiriburu\"\/><div class=\"swiper-lazy-preloader swiper-lazy-preloader-white\"><\/div>\n\t\t\t\t\t\t\t\t\t\t\t\t\t\t\t\t\t\t\t\t\t\t\t\t\t\t\t\t\t<\/div>\n\t\t\t\t\t\t\t\t\t\t\t\t\t\n\t\t\t\t\t\t\t\t\t\t\t\t\t\t<div class=\"swiper-slide wpz-insta-album-image\" data-media-type=\"image\">\n\t\t\t\t\t\t\t\t\t\t\t\t\t\t\t\t\t\t\t\t\t\t\t\t\t\t\t\t\t\t\t<img class=\"wpzoom-swiper-image swiper-lazy\"  data-src=\"https:\/\/scontent-fra5-1.cdninstagram.com\/v\/t39.30808-6\/679155724_1584588743667329_1789102802655796330_n.jpg?stp=dst-jpg_e35_tt6&#038;_nc_cat=102&#038;ccb=7-5&#038;_nc_sid=18de74&#038;efg=eyJlZmdfdGFnIjoiQ0FST1VTRUxfSVRFTS5iZXN0X2ltYWdlX3VybGdlbi5DMyJ9&#038;_nc_ohc=C3JEijFw3Y0Q7kNvwEG9exl&#038;_nc_oc=AdpXvmk93I16P6PtoFrT_MIQcB8cbc1soAWWwPAXSqPS5wVp1TxttHxsaA1qdeUxFXg&#038;_nc_zt=23&#038;_nc_ht=scontent-fra5-1.cdninstagram.com&#038;edm=ANo9K5cEAAAA&#038;_nc_gid=b1djOmIiiHWsln7gCfgzYw&#038;_nc_tpa=Q5bMBQFrqTgTLgzPCxtMgw6tMZ0lTMz64qaxadUa0VbXktqhBd9xgrBxqKxJy2U8KkU3kh4IHX5-jCGd&#038;oh=00_Af1T2nRBBkt7byOwgqyi1RRpD2Ot-boF5DQfYg9V48GXCw&#038;oe=69F821F7\" alt=\"\ud83d\udcc6 C&#039;est la reprise ! Une grande majorit\u00e9 de nos \u00e9quipes seront sur les terrains ce week-end \nLe \u26bd plut\u00f4t que le \ud83d\udc37 notamment pour \n\u27a1 Nos U14 R2 qui re\u00e7oivent @arinluzien \u00e0 13h samedi dans la lutte pour le maintien\n\u27a1 Nos U17R1 qui re\u00e7oivent @lesamfootball \u00e0 15h30 l\u00e0 aussi une rencontre d\u00e9terminante pour rester \u00e0 ce niveau\n\u27a1 Nos S\u00e9niors R2 qui accueillent @suafootball_agen samedi \u00e0 19h\n\u27a1 Nos S\u00e9niors R3 qui ont un d\u00e9placement important \u00e0 @uscenonfootball \n\u27a1 Nos S\u00e9niors F\u00e9minines qui jouent dimanche \u00e0 la maison contre @fctsy.feminines40 \nEt on oublie pas nos 7 valeureux arbitres sur les terrains ce week-end \ud83d\ude4f\nOn vous attend nombreuses et nombreux pour les soutenir\n\n#AupaHiriburu\"\/><div class=\"swiper-lazy-preloader swiper-lazy-preloader-white\"><\/div>\n\t\t\t\t\t\t\t\t\t\t\t\t\t\t\t\t\t\t\t\t\t\t\t\t\t\t\t\t\t<\/div>\n\t\t\t\t\t\t\t\t\t\t\t\t\t\n\t\t\t\t\t\t\t\t\t\t\t\t\t\t<div class=\"swiper-slide wpz-insta-album-image\" data-media-type=\"image\">\n\t\t\t\t\t\t\t\t\t\t\t\t\t\t\t\t\t\t\t\t\t\t\t\t\t\t\t\t\t\t\t<img class=\"wpzoom-swiper-image swiper-lazy\"  data-src=\"https:\/\/scontent-fra3-2.cdninstagram.com\/v\/t39.30808-6\/678241187_1584588733667330_4156012715206353716_n.jpg?stp=dst-jpg_e35_tt6&#038;_nc_cat=111&#038;ccb=7-5&#038;_nc_sid=18de74&#038;efg=eyJlZmdfdGFnIjoiQ0FST1VTRUxfSVRFTS5iZXN0X2ltYWdlX3VybGdlbi5DMyJ9&#038;_nc_ohc=xz8BZyrZDWwQ7kNvwGtSKCO&#038;_nc_oc=Adr6-fdIp0876g6qjj5nCGkBUABLdSxMfFK3_Qho92tKvpXQIcqqOkN2avCD1SoGvck&#038;_nc_zt=23&#038;_nc_ht=scontent-fra3-2.cdninstagram.com&#038;edm=ANo9K5cEAAAA&#038;_nc_gid=b1djOmIiiHWsln7gCfgzYw&#038;_nc_tpa=Q5bMBQGhIPq4Vu6j1qslJq0u0hJ_FzzaV07c8GKSVgkIUfqizOVALZUye-oCq2tqqhsIjaQt4JQRzSmN&#038;oh=00_Af1hY_XA5iy7LlJiEGmy_60rcWB84RJKhrr4UbMxsWLkOw&#038;oe=69F822E9\" alt=\"\ud83d\udcc6 C&#039;est la reprise ! Une grande majorit\u00e9 de nos \u00e9quipes seront sur les terrains ce week-end \nLe \u26bd plut\u00f4t que le \ud83d\udc37 notamment pour \n\u27a1 Nos U14 R2 qui re\u00e7oivent @arinluzien \u00e0 13h samedi dans la lutte pour le maintien\n\u27a1 Nos U17R1 qui re\u00e7oivent @lesamfootball \u00e0 15h30 l\u00e0 aussi une rencontre d\u00e9terminante pour rester \u00e0 ce niveau\n\u27a1 Nos S\u00e9niors R2 qui accueillent @suafootball_agen samedi \u00e0 19h\n\u27a1 Nos S\u00e9niors R3 qui ont un d\u00e9placement important \u00e0 @uscenonfootball \n\u27a1 Nos S\u00e9niors F\u00e9minines qui jouent dimanche \u00e0 la maison contre @fctsy.feminines40 \nEt on oublie pas nos 7 valeureux arbitres sur les terrains ce week-end \ud83d\ude4f\nOn vous attend nombreuses et nombreux pour les soutenir\n\n#AupaHiriburu\"\/><div class=\"swiper-lazy-preloader swiper-lazy-preloader-white\"><\/div>\n\t\t\t\t\t\t\t\t\t\t\t\t\t\t\t\t\t\t\t\t\t\t\t\t\t\t\t\t\t<\/div>\n\t\t\t\t\t\t\t\t\t\t\t\t\t\n\t\t\t\t\t\t\t\t\t\t\t\t\t\t<div class=\"swiper-slide wpz-insta-album-image\" data-media-type=\"image\">\n\t\t\t\t\t\t\t\t\t\t\t\t\t\t\t\t\t\t\t\t\t\t\t\t\t\t\t\t\t\t\t<img class=\"wpzoom-swiper-image swiper-lazy\"  data-src=\"https:\/\/scontent-fra5-2.cdninstagram.com\/v\/t39.30808-6\/678471601_1584588727000664_3295508605647366176_n.jpg?stp=dst-jpg_e35_tt6&#038;_nc_cat=106&#038;ccb=7-5&#038;_nc_sid=18de74&#038;_nc_aid=0&#038;efg=eyJlZmdfdGFnIjoiQ0FST1VTRUxfSVRFTS5iZXN0X2ltYWdlX3VybGdlbi5DMyJ9&#038;_nc_ohc=dhqUHXxfa8EQ7kNvwEN7Omx&#038;_nc_oc=Adrf0iQl5xnPCzg4t1bzn4bK88o95EtOO8S0-8Vl0QteV0wMujeFhk8M39Nou1iVVak&#038;_nc_zt=23&#038;_nc_ht=scontent-fra5-2.cdninstagram.com&#038;edm=ANo9K5cEAAAA&#038;_nc_gid=b1djOmIiiHWsln7gCfgzYw&#038;_nc_tpa=Q5bMBQHEorwkZXfnoHT8DWHloF7lNiDI9t7NplnypoMS32AIwydvTHtrLbtkTYccIsrRD8VhYJZ9nlr1&#038;oh=00_Af14BjJi6bc4prBgZC-GdFdIQ208SAe0q7d7yu720Og9KA&#038;oe=69F84D41\" alt=\"\ud83d\udcc6 C&#039;est la reprise ! Une grande majorit\u00e9 de nos \u00e9quipes seront sur les terrains ce week-end \nLe \u26bd plut\u00f4t que le \ud83d\udc37 notamment pour \n\u27a1 Nos U14 R2 qui re\u00e7oivent @arinluzien \u00e0 13h samedi dans la lutte pour le maintien\n\u27a1 Nos U17R1 qui re\u00e7oivent @lesamfootball \u00e0 15h30 l\u00e0 aussi une rencontre d\u00e9terminante pour rester \u00e0 ce niveau\n\u27a1 Nos S\u00e9niors R2 qui accueillent @suafootball_agen samedi \u00e0 19h\n\u27a1 Nos S\u00e9niors R3 qui ont un d\u00e9placement important \u00e0 @uscenonfootball \n\u27a1 Nos S\u00e9niors F\u00e9minines qui jouent dimanche \u00e0 la maison contre @fctsy.feminines40 \nEt on oublie pas nos 7 valeureux arbitres sur les terrains ce week-end \ud83d\ude4f\nOn vous attend nombreuses et nombreux pour les soutenir\n\n#AupaHiriburu\"\/><div class=\"swiper-lazy-preloader swiper-lazy-preloader-white\"><\/div>\n\t\t\t\t\t\t\t\t\t\t\t\t\t\t\t\t\t\t\t\t\t\t\t\t\t\t\t\t\t<\/div>\n\t\t\t\t\t\t\t\t\t\t\t\t\t\n\t\t\t\t\t\t\t\t\t\t\t\t\t\t<div class=\"swiper-slide wpz-insta-album-image\" data-media-type=\"image\">\n\t\t\t\t\t\t\t\t\t\t\t\t\t\t\t\t\t\t\t\t\t\t\t\t\t\t\t\t\t\t\t<img class=\"wpzoom-swiper-image swiper-lazy\"  data-src=\"https:\/\/scontent-fra3-2.cdninstagram.com\/v\/t39.30808-6\/678399661_1584588713667332_5858928783495992822_n.jpg?stp=dst-jpg_e35_tt6&#038;_nc_cat=111&#038;ccb=7-5&#038;_nc_sid=18de74&#038;efg=eyJlZmdfdGFnIjoiQ0FST1VTRUxfSVRFTS5iZXN0X2ltYWdlX3VybGdlbi5DMyJ9&#038;_nc_ohc=UWxkuSBg4zAQ7kNvwHuKtFI&#038;_nc_oc=AdpeGaeaTDN67MEoBI3m0PtTGmNyckoaglIaXHkBh5SLf5fd8ypm_beci_muEIVr6_A&#038;_nc_zt=23&#038;_nc_ht=scontent-fra3-2.cdninstagram.com&#038;edm=ANo9K5cEAAAA&#038;_nc_gid=b1djOmIiiHWsln7gCfgzYw&#038;_nc_tpa=Q5bMBQFUfc5eDF0kg_4MjigPeWljnHU0ria96z28JUNkWTHtfBDaKvF3bBpzpIotOcaWB6Mf6qfm92hT&#038;oh=00_Af2Uc1rL9_WjHY_lCiKJ1ztlT4lImvAWaQYxiGYaG3-4Ag&#038;oe=69F842F7\" alt=\"\ud83d\udcc6 C&#039;est la reprise ! Une grande majorit\u00e9 de nos \u00e9quipes seront sur les terrains ce week-end \nLe \u26bd plut\u00f4t que le \ud83d\udc37 notamment pour \n\u27a1 Nos U14 R2 qui re\u00e7oivent @arinluzien \u00e0 13h samedi dans la lutte pour le maintien\n\u27a1 Nos U17R1 qui re\u00e7oivent @lesamfootball \u00e0 15h30 l\u00e0 aussi une rencontre d\u00e9terminante pour rester \u00e0 ce niveau\n\u27a1 Nos S\u00e9niors R2 qui accueillent @suafootball_agen samedi \u00e0 19h\n\u27a1 Nos S\u00e9niors R3 qui ont un d\u00e9placement important \u00e0 @uscenonfootball \n\u27a1 Nos S\u00e9niors F\u00e9minines qui jouent dimanche \u00e0 la maison contre @fctsy.feminines40 \nEt on oublie pas nos 7 valeureux arbitres sur les terrains ce week-end \ud83d\ude4f\nOn vous attend nombreuses et nombreux pour les soutenir\n\n#AupaHiriburu\"\/><div class=\"swiper-lazy-preloader swiper-lazy-preloader-white\"><\/div>\n\t\t\t\t\t\t\t\t\t\t\t\t\t\t\t\t\t\t\t\t\t\t\t\t\t\t\t\t\t<\/div>\n\t\t\t\t\t\t\t\t\t\t\t\t\t\t\t\t\t\t\t\t\t\t\t\t\t<\/div>\n\n\t\t\t\t\t\t\t\t\t\t\t\t<div class=\"swiper-pagination\"><\/div>\n\t\t\t\t\t\t\t\t\t\t\t\t<div class=\"swiper-button-prev\"><\/div>\n\t\t\t\t\t\t\t\t\t\t\t\t<div class=\"swiper-button-next\"><\/div>\n\t\t\t\t\t\t\t\t\t\t\t<\/div>\n\t\t\t\t\t\t\t\t\t\t<div class=\"swiper-lazy-preloader swiper-lazy-preloader-white\"><\/div>\n\t\t\t\t\t\t\t\t\t<\/div>\n\t\t\t\t\t\t\t\t\t<div class=\"details-wrapper\">\n\t\t\t\t\t\t\t\t\t\t<div class=\"wpz-insta-header\">\n\t\t\t\t\t\t\t\t\t\t\t<div class=\"wpz-insta-avatar\">\n\t\t\t\t\t\t\t\t\t\t\t\t<img decoding=\"async\" src=\"https:\/\/www.hiriburukoainharafootball.fr\/wp-content\/plugins\/instagram-widget-by-wpzoom\/dist\/images\/backend\/icon-insta.png\" alt=\"hiriburuko_ainhara_football\" width=\"42\" height=\"42\"\/>\n\t\t\t\t\t\t\t\t\t\t\t<\/div>\n\t\t\t\t\t\t\t\t\t\t\t<div class=\"wpz-insta-buttons\">\n\t\t\t\t\t\t\t\t\t\t\t\t<div class=\"wpz-insta-username\">\n\t\t\t\t\t\t\t\t\t\t\t\t\t<a rel=\"noopener\" target=\"_blank\" href=\"https:\/\/instagram.com\/hiriburuko_ainhara_football\">hiriburuko_ainhara_football<\/a>\n\t\t\t\t\t\t\t\t\t\t\t\t<\/div>\n\t\t\t\t\t\t\t\t\t\t\t\t<div>&bull;<\/div>\n\t\t\t\t\t\t\t\t\t\t\t\t<div class=\"wpz-insta-follow\">\n\t\t\t\t\t\t\t\t\t\t\t\t\t<a target=\"_blank\" rel=\"noopener\"\n\t\t\t\t\t\t\t\t\t\t\t\t\thref=\"https:\/\/instagram.com\/hiriburuko_ainhara_football?ref=badge\">\n\t\t\t\t\t\t\t\t\t\t\t\t\t\tFollow\t\t\t\t\t\t\t\t\t\t\t\t\t<\/a>\n\t\t\t\t\t\t\t\t\t\t\t\t<\/div>\n\t\t\t\t\t\t\t\t\t\t\t<\/div>\n\t\t\t\t\t\t\t\t\t\t<\/div>\n\t\t\t\t\t\t\t\t\t\t\t\t\t\t\t\t\t\t\t\t\t<div class=\"wpz-insta-caption\">\n\t\t\t\t\t\t\t\t\t\t\t\t\ud83d\udcc6 C&#039;est la reprise ! Une grande majorit\u00e9 de nos \u00e9quipes seront sur les terrains ce week-end \nLe \u26bd plut\u00f4t que le \ud83d\udc37 notamment pour \n\u27a1 Nos U14 R2 qui re\u00e7oivent @arinluzien \u00e0 13h samedi dans la lutte pour le maintien\n\u27a1 Nos U17R1 qui re\u00e7oivent @lesamfootball \u00e0 15h30 l\u00e0 aussi une rencontre d\u00e9terminante pour rester \u00e0 ce niveau\n\u27a1 Nos S\u00e9niors R2 qui accueillent @suafootball_agen samedi \u00e0 19h\n\u27a1 Nos S\u00e9niors R3 qui ont un d\u00e9placement important \u00e0 @uscenonfootball \n\u27a1 Nos S\u00e9niors F\u00e9minines qui jouent dimanche \u00e0 la maison contre @fctsy.feminines40 \nEt on oublie pas nos 7 valeureux arbitres sur les terrains ce week-end \ud83d\ude4f\nOn vous attend nombreuses et nombreux pour les soutenir\n\n#AupaHiriburu\t\t\t\t\t\t\t\t\t\t\t<\/div>\n\t\t\t\t\t\t\t\t\t\t\n\t\t\t\t\t\t\t\t\t\t\t\t\t\t\t\t\t\t\t\t\t<div class=\"wpz-insta-date\">\n\t\t\t\t\t\t\t\t\t\t\t\t6 jours ago\t\t\t\t\t\t\t\t\t\t\t<\/div>\n\t\t\t\t\t\t\t\t\t\t\n\t\t\t\t\t\t\t\t\t\t<div class=\"view-post\">\n\t\t\t\t\t\t\t\t\t\t\t<a href=\"https:\/\/www.instagram.com\/p\/DXgupxjivF7\/\" target=\"_blank\" rel=\"noopener\"><span class=\"dashicons dashicons-instagram\"><\/span>View on Instagram<\/a>\n\t\t\t\t\t\t\t\t\t\t\t<span class=\"delimiter\">|<\/span>\n\t\t\t\t\t\t\t\t\t\t\t<div class=\"wpz-insta-pagination\">4\/6<\/div>\n\t\t\t\t\t\t\t\t\t\t<\/div>\n\t\t\t\t\t\t\t\t\t<\/div>\n\t\t\t\t\t\t\t\t<\/div>\n\t\t\t\t\t\t\t<\/div>\n\t\t\t\t\t\t\n\t\t\t\t\t\t\t<div data-uid=\"18350358655210184\" class=\"swiper-slide wpz-insta-lightbox-item\">\n\t\t\t\t\t\t\t\t<div class=\"wpz-insta-lightbox\">\n\t\t\t\t\t\t\t\t\t<div class=\"image-wrapper\">\n\t\t\t\t\t\t\t\t\t\t\t\t\t\t\t\t\t\t\t\t\t<div class=\"swiper\" style=\"height: 100%;\">\n\t\t\t\t\t\t\t\t\t\t\t\t<div class=\"swiper-wrapper wpz-insta-album-images\">\n\t\t\t\t\t\t\t\t\t\t\t\t\t\n\t\t\t\t\t\t\t\t\t\t\t\t\t\t<div class=\"swiper-slide wpz-insta-album-image\" data-media-type=\"image\">\n\t\t\t\t\t\t\t\t\t\t\t\t\t\t\t\t\t\t\t\t\t\t\t\t\t\t\t\t\t\t\t<img class=\"wpzoom-swiper-image swiper-lazy\"  data-src=\"https:\/\/scontent-fra5-1.cdninstagram.com\/v\/t39.30808-6\/678782911_1583950333731170_3661810205536679534_n.jpg?stp=dst-jpg_e35_tt6&#038;_nc_cat=100&#038;ccb=7-5&#038;_nc_sid=18de74&#038;efg=eyJlZmdfdGFnIjoiQ0FST1VTRUxfSVRFTS5iZXN0X2ltYWdlX3VybGdlbi5DMyJ9&#038;_nc_ohc=5cl7Yx-myeQQ7kNvwFwcIcI&#038;_nc_oc=AdoC9qxXAKOnN6JieKDW8ifXcx-XsnKGsn69r-VzUJ-2C9XYxVJYIkvksy0l2mvPiZ0&#038;_nc_zt=23&#038;_nc_ht=scontent-fra5-1.cdninstagram.com&#038;edm=ANo9K5cEAAAA&#038;_nc_gid=b1djOmIiiHWsln7gCfgzYw&#038;_nc_tpa=Q5bMBQEZKIJ4yg2OFf2tPdWi8V19a7hf36oIrJi11HouUDg5-_38iTKKnvTf1vz7cs0xbKMPd-pFoz2D&#038;oh=00_Af0q3l7T4vBVkx4Y8mT04LI5y_cpC6ufq5ucmFgLd862BA&#038;oe=69F84520\" alt=\"\u26bd Les portes du HAF sont ouvertes \ud83d\udd35\u26aa\nToutes les infos et les liens pour venir t&#039;essayer sont ici et en QR Code sur les affiches, que tu sois\n\ud83d\udc66\ud83d\udc67 en pr\u00e9formation (filles n\u00e9es en 2016 et 2017 et gar\u00e7ons n\u00e9s entre 2014 et 2017) \ud83d\udc49 https:\/\/docs.google.com\/forms\/d\/1ssIq7XMeRd4531VvRe11psx5iJ3Gd-vwG1dY7qw_J8o\/edit\n\ud83c\udfc3\u200d\u2640 joueuse en formation (filles n\u00e9es entre 2011 et 2015) \ud83d\udc49 https:\/\/forms.gle\/t7hwqZLKJcTweRTD9\n\ud83c\udfc3 joueurs en formation (gar\u00e7ons n\u00e9s en 2012 et 2013) \ud83d\udc49 https:\/\/opn.to\/a\/aN8FX6\n\n#AupaHiriburu #grandirensemble\"\/><div class=\"swiper-lazy-preloader swiper-lazy-preloader-white\"><\/div>\n\t\t\t\t\t\t\t\t\t\t\t\t\t\t\t\t\t\t\t\t\t\t\t\t\t\t\t\t\t<\/div>\n\t\t\t\t\t\t\t\t\t\t\t\t\t\n\t\t\t\t\t\t\t\t\t\t\t\t\t\t<div class=\"swiper-slide wpz-insta-album-image\" data-media-type=\"image\">\n\t\t\t\t\t\t\t\t\t\t\t\t\t\t\t\t\t\t\t\t\t\t\t\t\t\t\t\t\t\t\t<img class=\"wpzoom-swiper-image swiper-lazy\"  data-src=\"https:\/\/scontent-fra3-1.cdninstagram.com\/v\/t39.30808-6\/678316734_1583950337064503_5240821016977740156_n.jpg?stp=dst-jpg_e35_tt6&#038;_nc_cat=103&#038;ccb=7-5&#038;_nc_sid=18de74&#038;efg=eyJlZmdfdGFnIjoiQ0FST1VTRUxfSVRFTS5iZXN0X2ltYWdlX3VybGdlbi5DMyJ9&#038;_nc_ohc=8QLdCL4Ct30Q7kNvwGmcEqz&#038;_nc_oc=AdosEtC43IMYVgQkZCNnhl4DNQ_SNqAmgMyiNRLFfR23ZTO8vw5wxRZC_kR-WkcBs7A&#038;_nc_zt=23&#038;_nc_ht=scontent-fra3-1.cdninstagram.com&#038;edm=ANo9K5cEAAAA&#038;_nc_gid=b1djOmIiiHWsln7gCfgzYw&#038;_nc_tpa=Q5bMBQHPP5o4_hSGvKjesjn5pyMCEyEr1kgEy613NS2itNkg90YjzjhUf16Tp_Fqp2KwSI2kiV4AwABs&#038;oh=00_Af2oLZ51ND3ok8I9y6xiKiVHVR6Jc0CdxU5kvUbrAsQj_g&#038;oe=69F83694\" alt=\"\u26bd Les portes du HAF sont ouvertes \ud83d\udd35\u26aa\nToutes les infos et les liens pour venir t&#039;essayer sont ici et en QR Code sur les affiches, que tu sois\n\ud83d\udc66\ud83d\udc67 en pr\u00e9formation (filles n\u00e9es en 2016 et 2017 et gar\u00e7ons n\u00e9s entre 2014 et 2017) \ud83d\udc49 https:\/\/docs.google.com\/forms\/d\/1ssIq7XMeRd4531VvRe11psx5iJ3Gd-vwG1dY7qw_J8o\/edit\n\ud83c\udfc3\u200d\u2640 joueuse en formation (filles n\u00e9es entre 2011 et 2015) \ud83d\udc49 https:\/\/forms.gle\/t7hwqZLKJcTweRTD9\n\ud83c\udfc3 joueurs en formation (gar\u00e7ons n\u00e9s en 2012 et 2013) \ud83d\udc49 https:\/\/opn.to\/a\/aN8FX6\n\n#AupaHiriburu #grandirensemble\"\/><div class=\"swiper-lazy-preloader swiper-lazy-preloader-white\"><\/div>\n\t\t\t\t\t\t\t\t\t\t\t\t\t\t\t\t\t\t\t\t\t\t\t\t\t\t\t\t\t<\/div>\n\t\t\t\t\t\t\t\t\t\t\t\t\t\n\t\t\t\t\t\t\t\t\t\t\t\t\t\t<div class=\"swiper-slide wpz-insta-album-image\" data-media-type=\"image\">\n\t\t\t\t\t\t\t\t\t\t\t\t\t\t\t\t\t\t\t\t\t\t\t\t\t\t\t\t\t\t\t<img class=\"wpzoom-swiper-image swiper-lazy\"  data-src=\"https:\/\/scontent-fra5-1.cdninstagram.com\/v\/t39.30808-6\/679105010_1583950353731168_6672955262353491350_n.jpg?stp=dst-jpg_e35_tt6&#038;_nc_cat=102&#038;ccb=7-5&#038;_nc_sid=18de74&#038;efg=eyJlZmdfdGFnIjoiQ0FST1VTRUxfSVRFTS5iZXN0X2ltYWdlX3VybGdlbi5DMyJ9&#038;_nc_ohc=MsCkgCxp4fAQ7kNvwH_3xb0&#038;_nc_oc=AdoWujqYSxXNxJs0G4TqeydZpajMd3kL9NBogLaoDvMmX49ftaZZRbxHJNvse9_dHaI&#038;_nc_zt=23&#038;_nc_ht=scontent-fra5-1.cdninstagram.com&#038;edm=ANo9K5cEAAAA&#038;_nc_gid=b1djOmIiiHWsln7gCfgzYw&#038;_nc_tpa=Q5bMBQGxdC2MKxeMp8GVNMAmxgBeXwXYKcWS0h2o2j7HhdJTKeq8n8Xg62LOrVpFlhNhxICH1P8KXzeZ&#038;oh=00_Af1lMIZRgoXZLCJ9tslL7Ou5B9VXrQPPMB3jFkU2gpBE4g&#038;oe=69F85091\" alt=\"\u26bd Les portes du HAF sont ouvertes \ud83d\udd35\u26aa\nToutes les infos et les liens pour venir t&#039;essayer sont ici et en QR Code sur les affiches, que tu sois\n\ud83d\udc66\ud83d\udc67 en pr\u00e9formation (filles n\u00e9es en 2016 et 2017 et gar\u00e7ons n\u00e9s entre 2014 et 2017) \ud83d\udc49 https:\/\/docs.google.com\/forms\/d\/1ssIq7XMeRd4531VvRe11psx5iJ3Gd-vwG1dY7qw_J8o\/edit\n\ud83c\udfc3\u200d\u2640 joueuse en formation (filles n\u00e9es entre 2011 et 2015) \ud83d\udc49 https:\/\/forms.gle\/t7hwqZLKJcTweRTD9\n\ud83c\udfc3 joueurs en formation (gar\u00e7ons n\u00e9s en 2012 et 2013) \ud83d\udc49 https:\/\/opn.to\/a\/aN8FX6\n\n#AupaHiriburu #grandirensemble\"\/><div class=\"swiper-lazy-preloader swiper-lazy-preloader-white\"><\/div>\n\t\t\t\t\t\t\t\t\t\t\t\t\t\t\t\t\t\t\t\t\t\t\t\t\t\t\t\t\t<\/div>\n\t\t\t\t\t\t\t\t\t\t\t\t\t\t\t\t\t\t\t\t\t\t\t\t\t<\/div>\n\n\t\t\t\t\t\t\t\t\t\t\t\t<div class=\"swiper-pagination\"><\/div>\n\t\t\t\t\t\t\t\t\t\t\t\t<div class=\"swiper-button-prev\"><\/div>\n\t\t\t\t\t\t\t\t\t\t\t\t<div class=\"swiper-button-next\"><\/div>\n\t\t\t\t\t\t\t\t\t\t\t<\/div>\n\t\t\t\t\t\t\t\t\t\t<div class=\"swiper-lazy-preloader swiper-lazy-preloader-white\"><\/div>\n\t\t\t\t\t\t\t\t\t<\/div>\n\t\t\t\t\t\t\t\t\t<div class=\"details-wrapper\">\n\t\t\t\t\t\t\t\t\t\t<div class=\"wpz-insta-header\">\n\t\t\t\t\t\t\t\t\t\t\t<div class=\"wpz-insta-avatar\">\n\t\t\t\t\t\t\t\t\t\t\t\t<img decoding=\"async\" src=\"https:\/\/www.hiriburukoainharafootball.fr\/wp-content\/plugins\/instagram-widget-by-wpzoom\/dist\/images\/backend\/icon-insta.png\" alt=\"hiriburuko_ainhara_football\" width=\"42\" height=\"42\"\/>\n\t\t\t\t\t\t\t\t\t\t\t<\/div>\n\t\t\t\t\t\t\t\t\t\t\t<div class=\"wpz-insta-buttons\">\n\t\t\t\t\t\t\t\t\t\t\t\t<div class=\"wpz-insta-username\">\n\t\t\t\t\t\t\t\t\t\t\t\t\t<a rel=\"noopener\" target=\"_blank\" href=\"https:\/\/instagram.com\/hiriburuko_ainhara_football\">hiriburuko_ainhara_football<\/a>\n\t\t\t\t\t\t\t\t\t\t\t\t<\/div>\n\t\t\t\t\t\t\t\t\t\t\t\t<div>&bull;<\/div>\n\t\t\t\t\t\t\t\t\t\t\t\t<div class=\"wpz-insta-follow\">\n\t\t\t\t\t\t\t\t\t\t\t\t\t<a target=\"_blank\" rel=\"noopener\"\n\t\t\t\t\t\t\t\t\t\t\t\t\thref=\"https:\/\/instagram.com\/hiriburuko_ainhara_football?ref=badge\">\n\t\t\t\t\t\t\t\t\t\t\t\t\t\tFollow\t\t\t\t\t\t\t\t\t\t\t\t\t<\/a>\n\t\t\t\t\t\t\t\t\t\t\t\t<\/div>\n\t\t\t\t\t\t\t\t\t\t\t<\/div>\n\t\t\t\t\t\t\t\t\t\t<\/div>\n\t\t\t\t\t\t\t\t\t\t\t\t\t\t\t\t\t\t\t\t\t<div class=\"wpz-insta-caption\">\n\t\t\t\t\t\t\t\t\t\t\t\t\u26bd Les portes du HAF sont ouvertes \ud83d\udd35\u26aa\nToutes les infos et les liens pour venir t&#039;essayer sont ici et en QR Code sur les affiches, que tu sois\n\ud83d\udc66\ud83d\udc67 en pr\u00e9formation (filles n\u00e9es en 2016 et 2017 et gar\u00e7ons n\u00e9s entre 2014 et 2017) \ud83d\udc49 https:\/\/docs.google.com\/forms\/d\/1ssIq7XMeRd4531VvRe11psx5iJ3Gd-vwG1dY7qw_J8o\/edit\n\ud83c\udfc3\u200d\u2640 joueuse en formation (filles n\u00e9es entre 2011 et 2015) \ud83d\udc49 https:\/\/forms.gle\/t7hwqZLKJcTweRTD9\n\ud83c\udfc3 joueurs en formation (gar\u00e7ons n\u00e9s en 2012 et 2013) \ud83d\udc49 https:\/\/opn.to\/a\/aN8FX6\n\n#AupaHiriburu #grandirensemble\t\t\t\t\t\t\t\t\t\t\t<\/div>\n\t\t\t\t\t\t\t\t\t\t\n\t\t\t\t\t\t\t\t\t\t\t\t\t\t\t\t\t\t\t\t\t<div class=\"wpz-insta-date\">\n\t\t\t\t\t\t\t\t\t\t\t\t7 jours ago\t\t\t\t\t\t\t\t\t\t\t<\/div>\n\t\t\t\t\t\t\t\t\t\t\n\t\t\t\t\t\t\t\t\t\t<div class=\"view-post\">\n\t\t\t\t\t\t\t\t\t\t\t<a href=\"https:\/\/www.instagram.com\/p\/DXe-CTKgQSF\/\" target=\"_blank\" rel=\"noopener\"><span class=\"dashicons dashicons-instagram\"><\/span>View on Instagram<\/a>\n\t\t\t\t\t\t\t\t\t\t\t<span class=\"delimiter\">|<\/span>\n\t\t\t\t\t\t\t\t\t\t\t<div class=\"wpz-insta-pagination\">5\/6<\/div>\n\t\t\t\t\t\t\t\t\t\t<\/div>\n\t\t\t\t\t\t\t\t\t<\/div>\n\t\t\t\t\t\t\t\t<\/div>\n\t\t\t\t\t\t\t<\/div>\n\t\t\t\t\t\t\n\t\t\t\t\t\t\t<div data-uid=\"18585400054008624\" class=\"swiper-slide wpz-insta-lightbox-item\">\n\t\t\t\t\t\t\t\t<div class=\"wpz-insta-lightbox\">\n\t\t\t\t\t\t\t\t\t<div class=\"image-wrapper\">\n\t\t\t\t\t\t\t\t\t\t\t\t\t\t\t\t\t\t\t\t\t<img class=\"wpzoom-swiper-image swiper-lazy\" data-src=\"https:\/\/www.hiriburukoainharafootball.fr\/wp-content\/uploads\/2023\/04\/670875929_18100526288318547_7874693924180207037_n.jpg\" alt=\"\u26bd\ufe0f Entra\u00eenement de haut niveau \u26bd\ufe0f\n\nSuite \u00e0 un entra\u00eenement enrichissant r\u00e9alis\u00e9 avec Bilbao, Cl\u00e9ment LECORNE U14 ( \u00e0 droite sur la photo) continue de progresser et de se confronter \u00e0 l\u2019exigence du haut niveau \ud83d\udcaa\n\nUne belle exp\u00e9rience qui lui permet de d\u00e9velopper ses qualit\u00e9s et de franchir un cap dans son parcours \ud83d\udc4f\n\nUne reconnaissance pour la formation du HAF o\u00f9 Cl\u00e9ment \u00e9volue depuis ses d\u00e9buts. \ud83d\udd35\u26aa\ufe0f\n\n\ud83d\udcf8 Retour en image sur ce moment\n\n#Football #Entra\u00eenement #Progression #Aupahiriburu #grandirensemble\"\/>\n\t\t\t\t\t\t\t\t\t\t<div class=\"swiper-lazy-preloader swiper-lazy-preloader-white\"><\/div>\n\t\t\t\t\t\t\t\t\t<\/div>\n\t\t\t\t\t\t\t\t\t<div class=\"details-wrapper\">\n\t\t\t\t\t\t\t\t\t\t<div class=\"wpz-insta-header\">\n\t\t\t\t\t\t\t\t\t\t\t<div class=\"wpz-insta-avatar\">\n\t\t\t\t\t\t\t\t\t\t\t\t<img decoding=\"async\" src=\"https:\/\/www.hiriburukoainharafootball.fr\/wp-content\/plugins\/instagram-widget-by-wpzoom\/dist\/images\/backend\/icon-insta.png\" alt=\"hiriburuko_ainhara_football\" width=\"42\" height=\"42\"\/>\n\t\t\t\t\t\t\t\t\t\t\t<\/div>\n\t\t\t\t\t\t\t\t\t\t\t<div class=\"wpz-insta-buttons\">\n\t\t\t\t\t\t\t\t\t\t\t\t<div class=\"wpz-insta-username\">\n\t\t\t\t\t\t\t\t\t\t\t\t\t<a rel=\"noopener\" target=\"_blank\" href=\"https:\/\/instagram.com\/hiriburuko_ainhara_football\">hiriburuko_ainhara_football<\/a>\n\t\t\t\t\t\t\t\t\t\t\t\t<\/div>\n\t\t\t\t\t\t\t\t\t\t\t\t<div>&bull;<\/div>\n\t\t\t\t\t\t\t\t\t\t\t\t<div class=\"wpz-insta-follow\">\n\t\t\t\t\t\t\t\t\t\t\t\t\t<a target=\"_blank\" rel=\"noopener\"\n\t\t\t\t\t\t\t\t\t\t\t\t\thref=\"https:\/\/instagram.com\/hiriburuko_ainhara_football?ref=badge\">\n\t\t\t\t\t\t\t\t\t\t\t\t\t\tFollow\t\t\t\t\t\t\t\t\t\t\t\t\t<\/a>\n\t\t\t\t\t\t\t\t\t\t\t\t<\/div>\n\t\t\t\t\t\t\t\t\t\t\t<\/div>\n\t\t\t\t\t\t\t\t\t\t<\/div>\n\t\t\t\t\t\t\t\t\t\t\t\t\t\t\t\t\t\t\t\t\t<div class=\"wpz-insta-caption\">\n\t\t\t\t\t\t\t\t\t\t\t\t\u26bd\ufe0f Entra\u00eenement de haut niveau \u26bd\ufe0f\n\nSuite \u00e0 un entra\u00eenement enrichissant r\u00e9alis\u00e9 avec Bilbao, Cl\u00e9ment LECORNE U14 ( \u00e0 droite sur la photo) continue de progresser et de se confronter \u00e0 l\u2019exigence du haut niveau \ud83d\udcaa\n\nUne belle exp\u00e9rience qui lui permet de d\u00e9velopper ses qualit\u00e9s et de franchir un cap dans son parcours \ud83d\udc4f\n\nUne reconnaissance pour la formation du HAF o\u00f9 Cl\u00e9ment \u00e9volue depuis ses d\u00e9buts. \ud83d\udd35\u26aa\ufe0f\n\n\ud83d\udcf8 Retour en image sur ce moment\n\n#Football #Entra\u00eenement #Progression #Aupahiriburu #grandirensemble\t\t\t\t\t\t\t\t\t\t\t<\/div>\n\t\t\t\t\t\t\t\t\t\t\n\t\t\t\t\t\t\t\t\t\t\t\t\t\t\t\t\t\t\t\t\t<div class=\"wpz-insta-date\">\n\t\t\t\t\t\t\t\t\t\t\t\t1 semaine ago\t\t\t\t\t\t\t\t\t\t\t<\/div>\n\t\t\t\t\t\t\t\t\t\t\n\t\t\t\t\t\t\t\t\t\t<div class=\"view-post\">\n\t\t\t\t\t\t\t\t\t\t\t<a href=\"https:\/\/www.instagram.com\/p\/DXb65X4iNCY\/\" target=\"_blank\" rel=\"noopener\"><span class=\"dashicons dashicons-instagram\"><\/span>View on Instagram<\/a>\n\t\t\t\t\t\t\t\t\t\t\t<span class=\"delimiter\">|<\/span>\n\t\t\t\t\t\t\t\t\t\t\t<div class=\"wpz-insta-pagination\">6\/6<\/div>\n\t\t\t\t\t\t\t\t\t\t<\/div>\n\t\t\t\t\t\t\t\t\t<\/div>\n\t\t\t\t\t\t\t\t<\/div>\n\t\t\t\t\t\t\t<\/div>\n\t\t\t\t\t\t\t\t\t\t\t<\/div>\n\n\t\t\t\t\t<div class=\"swiper-button-prev\"><\/div>\n\t\t\t\t\t<div class=\"swiper-button-next\"><\/div>\n\t\t\t\t<\/div>\n\t\t\t<\/div>\n\t\t\n\t\t<div style=\"clear:both;\"><\/div>\n\t\t\t\t\t\t<\/div>\n\t\t\t\t<\/div>\n\t\t\t\t\t<\/div>\n\t\t<\/div>\n\t\t\t\t\t<\/div>\n\t\t<\/section>\n\t\t\t\t<section class=\"elementor-section elementor-top-section elementor-element elementor-element-7047dc3 elementor-section-boxed elementor-section-height-default elementor-section-height-default wpr-particle-no wpr-jarallax-no wpr-parallax-no wpr-sticky-section-no wpr-equal-height-no\" data-id=\"7047dc3\" data-element_type=\"section\" data-e-type=\"section\">\n\t\t\t\t\t\t<div class=\"elementor-container elementor-column-gap-default\">\n\t\t\t\t\t<div class=\"elementor-column elementor-col-100 elementor-top-column elementor-element elementor-element-45f8310\" data-id=\"45f8310\" data-element_type=\"column\" data-e-type=\"column\">\n\t\t\t<div class=\"elementor-widget-wrap elementor-element-populated\">\n\t\t\t\t\t\t<div class=\"elementor-element elementor-element-36681f8 elementor-widget-divider--separator-type-pattern elementor-widget-divider--view-line elementor-widget elementor-widget-divider\" data-id=\"36681f8\" data-element_type=\"widget\" data-e-type=\"widget\" data-widget_type=\"divider.default\">\n\t\t\t\t<div class=\"elementor-widget-container\">\n\t\t\t\t\t\t\t<div class=\"elementor-divider\" style=\"--divider-pattern-url: url(&quot;data:image\/svg+xml,%3Csvg xmlns=&#039;http:\/\/www.w3.org\/2000\/svg&#039; preserveAspectRatio=&#039;none&#039; overflow=&#039;visible&#039; height=&#039;100%&#039; viewBox=&#039;0 0 20 16&#039; fill=&#039;none&#039; stroke=&#039;black&#039; stroke-width=&#039;4&#039; stroke-linecap=&#039;square&#039; stroke-miterlimit=&#039;10&#039;%3E%3Cg transform=&#039;translate(-12.000000, 0)&#039;%3E%3Cpath d=&#039;M28,0L10,18&#039;\/%3E%3Cpath d=&#039;M18,0L0,18&#039;\/%3E%3Cpath d=&#039;M48,0L30,18&#039;\/%3E%3Cpath d=&#039;M38,0L20,18&#039;\/%3E%3C\/g%3E%3C\/svg%3E&quot;);\">\n\t\t\t<span class=\"elementor-divider-separator\">\n\t\t\t\t\t\t<\/span>\n\t\t<\/div>\n\t\t\t\t\t\t<\/div>\n\t\t\t\t<\/div>\n\t\t\t\t\t<\/div>\n\t\t<\/div>\n\t\t\t\t\t<\/div>\n\t\t<\/section>\n\t\t\t\t<section class=\"elementor-section elementor-top-section elementor-element elementor-element-f72bdf7 elementor-section-height-min-height elementor-section-boxed elementor-section-height-default elementor-section-items-middle wpr-particle-no wpr-jarallax-no wpr-parallax-no wpr-sticky-section-no wpr-equal-height-no\" data-id=\"f72bdf7\" data-element_type=\"section\" data-e-type=\"section\" data-settings=\"{&quot;background_background&quot;:&quot;classic&quot;}\">\n\t\t\t\t\t\t<div class=\"elementor-container elementor-column-gap-default\">\n\t\t\t\t\t<div class=\"elementor-column elementor-col-100 elementor-top-column elementor-element elementor-element-6c94e86\" data-id=\"6c94e86\" data-element_type=\"column\" data-e-type=\"column\">\n\t\t\t<div class=\"elementor-widget-wrap elementor-element-populated\">\n\t\t\t\t\t\t<section class=\"elementor-section elementor-inner-section elementor-element elementor-element-77492246 elementor-section-boxed elementor-section-height-default elementor-section-height-default wpr-particle-no wpr-jarallax-no wpr-parallax-no wpr-sticky-section-no wpr-equal-height-no\" data-id=\"77492246\" data-element_type=\"section\" data-e-type=\"section\" data-settings=\"{&quot;background_background&quot;:&quot;classic&quot;}\">\n\t\t\t\t\t\t\t<div class=\"elementor-background-overlay\"><\/div>\n\t\t\t\t\t\t\t<div class=\"elementor-container elementor-column-gap-default\">\n\t\t\t\t\t<div class=\"elementor-column elementor-col-33 elementor-inner-column elementor-element elementor-element-6cc0e52c elementor-invisible\" data-id=\"6cc0e52c\" data-element_type=\"column\" data-e-type=\"column\" data-settings=\"{&quot;animation&quot;:&quot;fadeInLeft&quot;}\">\n\t\t\t<div class=\"elementor-widget-wrap elementor-element-populated\">\n\t\t\t\t\t\t<div class=\"elementor-element elementor-element-9f40140 elementor-widget elementor-widget-spacer\" data-id=\"9f40140\" data-element_type=\"widget\" data-e-type=\"widget\" data-widget_type=\"spacer.default\">\n\t\t\t\t<div class=\"elementor-widget-container\">\n\t\t\t\t\t\t\t<div class=\"elementor-spacer\">\n\t\t\t<div class=\"elementor-spacer-inner\"><\/div>\n\t\t<\/div>\n\t\t\t\t\t\t<\/div>\n\t\t\t\t<\/div>\n\t\t\t\t<div class=\"elementor-element elementor-element-2d6aec33 elementor-view-default elementor-position-block-start elementor-mobile-position-block-start elementor-widget elementor-widget-icon-box\" data-id=\"2d6aec33\" data-element_type=\"widget\" data-e-type=\"widget\" data-widget_type=\"icon-box.default\">\n\t\t\t\t<div class=\"elementor-widget-container\">\n\t\t\t\t\t\t\t<div class=\"elementor-icon-box-wrapper\">\n\n\t\t\t\t\t\t<div class=\"elementor-icon-box-icon\">\n\t\t\t\t<span  class=\"elementor-icon\">\n\t\t\t\t<i aria-hidden=\"true\" class=\"fas fa-heart\"><\/i>\t\t\t\t<\/span>\n\t\t\t<\/div>\n\t\t\t\n\t\t\t\t\t\t<div class=\"elementor-icon-box-content\">\n\n\t\t\t\t\t\t\t\t\t<h1 class=\"elementor-icon-box-title\">\n\t\t\t\t\t\t<span  >\n\t\t\t\t\t\t\tAmiti\u00e9 \t\t\t\t\t\t<\/span>\n\t\t\t\t\t<\/h1>\n\t\t\t\t\n\t\t\t\t\t\t\t\t\t<p class=\"elementor-icon-box-description\">\n\t\t\t\t\t\tC'est le plus pur et le plus fort des sentiments humains.\t\t\t\t\t<\/p>\n\t\t\t\t\n\t\t\t<\/div>\n\t\t\t\n\t\t<\/div>\n\t\t\t\t\t\t<\/div>\n\t\t\t\t<\/div>\n\t\t\t\t\t<\/div>\n\t\t<\/div>\n\t\t\t\t<div class=\"elementor-column elementor-col-33 elementor-inner-column elementor-element elementor-element-3bc5ec90 elementor-invisible\" data-id=\"3bc5ec90\" data-element_type=\"column\" data-e-type=\"column\" data-settings=\"{&quot;animation&quot;:&quot;fadeInUp&quot;,&quot;animation_delay&quot;:300}\">\n\t\t\t<div class=\"elementor-widget-wrap elementor-element-populated\">\n\t\t\t\t\t\t<div class=\"elementor-element elementor-element-36dd67e elementor-widget elementor-widget-spacer\" data-id=\"36dd67e\" data-element_type=\"widget\" data-e-type=\"widget\" data-widget_type=\"spacer.default\">\n\t\t\t\t<div class=\"elementor-widget-container\">\n\t\t\t\t\t\t\t<div class=\"elementor-spacer\">\n\t\t\t<div class=\"elementor-spacer-inner\"><\/div>\n\t\t<\/div>\n\t\t\t\t\t\t<\/div>\n\t\t\t\t<\/div>\n\t\t\t\t<div class=\"elementor-element elementor-element-71c7cd0 elementor-view-default elementor-position-block-start elementor-mobile-position-block-start elementor-widget elementor-widget-icon-box\" data-id=\"71c7cd0\" data-element_type=\"widget\" data-e-type=\"widget\" data-widget_type=\"icon-box.default\">\n\t\t\t\t<div class=\"elementor-widget-container\">\n\t\t\t\t\t\t\t<div class=\"elementor-icon-box-wrapper\">\n\n\t\t\t\t\t\t<div class=\"elementor-icon-box-icon\">\n\t\t\t\t<span  class=\"elementor-icon\">\n\t\t\t\t<i aria-hidden=\"true\" class=\"fas fa-handshake\"><\/i>\t\t\t\t<\/span>\n\t\t\t<\/div>\n\t\t\t\n\t\t\t\t\t\t<div class=\"elementor-icon-box-content\">\n\n\t\t\t\t\t\t\t\t\t<h1 class=\"elementor-icon-box-title\">\n\t\t\t\t\t\t<span  >\n\t\t\t\t\t\t\tRespect\t\t\t\t\t\t<\/span>\n\t\t\t\t\t<\/h1>\n\t\t\t\t\n\t\t\t\t\t\t\t\t\t<p class=\"elementor-icon-box-description\">\n\t\t\t\t\t\tS'\u00e9couter les uns et les autres, prendre soin du mat\u00e9riel et accepter les r\u00e8gles.\t\t\t\t\t<\/p>\n\t\t\t\t\n\t\t\t<\/div>\n\t\t\t\n\t\t<\/div>\n\t\t\t\t\t\t<\/div>\n\t\t\t\t<\/div>\n\t\t\t\t\t<\/div>\n\t\t<\/div>\n\t\t\t\t<div class=\"elementor-column elementor-col-33 elementor-inner-column elementor-element elementor-element-c5b61cf elementor-invisible\" data-id=\"c5b61cf\" data-element_type=\"column\" data-e-type=\"column\" data-settings=\"{&quot;animation&quot;:&quot;fadeInRight&quot;,&quot;animation_delay&quot;:600}\">\n\t\t\t<div class=\"elementor-widget-wrap elementor-element-populated\">\n\t\t\t\t\t\t<div class=\"elementor-element elementor-element-961857a elementor-widget elementor-widget-spacer\" data-id=\"961857a\" data-element_type=\"widget\" data-e-type=\"widget\" data-widget_type=\"spacer.default\">\n\t\t\t\t<div class=\"elementor-widget-container\">\n\t\t\t\t\t\t\t<div class=\"elementor-spacer\">\n\t\t\t<div class=\"elementor-spacer-inner\"><\/div>\n\t\t<\/div>\n\t\t\t\t\t\t<\/div>\n\t\t\t\t<\/div>\n\t\t\t\t<div class=\"elementor-element elementor-element-04e514c elementor-view-default elementor-position-block-start elementor-mobile-position-block-start elementor-widget elementor-widget-icon-box\" data-id=\"04e514c\" data-element_type=\"widget\" data-e-type=\"widget\" data-widget_type=\"icon-box.default\">\n\t\t\t\t<div class=\"elementor-widget-container\">\n\t\t\t\t\t\t\t<div class=\"elementor-icon-box-wrapper\">\n\n\t\t\t\t\t\t<div class=\"elementor-icon-box-icon\">\n\t\t\t\t<span  class=\"elementor-icon\">\n\t\t\t\t<i aria-hidden=\"true\" class=\"fas fa-star\"><\/i>\t\t\t\t<\/span>\n\t\t\t<\/div>\n\t\t\t\n\t\t\t\t\t\t<div class=\"elementor-icon-box-content\">\n\n\t\t\t\t\t\t\t\t\t<h1 class=\"elementor-icon-box-title\">\n\t\t\t\t\t\t<span  >\n\t\t\t\t\t\t\tSolidarit\u00e9\t\t\t\t\t\t<\/span>\n\t\t\t\t\t<\/h1>\n\t\t\t\t\n\t\t\t\t\t\t\t\t\t<p class=\"elementor-icon-box-description\">\n\t\t\t\t\t\tEncourager ses partenaires dans les moments difficiles et les soutenir.\t\t\t\t\t<\/p>\n\t\t\t\t\n\t\t\t<\/div>\n\t\t\t\n\t\t<\/div>\n\t\t\t\t\t\t<\/div>\n\t\t\t\t<\/div>\n\t\t\t\t\t<\/div>\n\t\t<\/div>\n\t\t\t\t\t<\/div>\n\t\t<\/section>\n\t\t\t\t\t<\/div>\n\t\t<\/div>\n\t\t\t\t\t<\/div>\n\t\t<\/section>\n\t\t\t\t<section class=\"elementor-section elementor-top-section elementor-element elementor-element-c842133 elementor-section-boxed elementor-section-height-default elementor-section-height-default wpr-particle-no wpr-jarallax-no wpr-parallax-no wpr-sticky-section-no wpr-equal-height-no\" data-id=\"c842133\" data-element_type=\"section\" data-e-type=\"section\">\n\t\t\t\t\t\t<div class=\"elementor-container elementor-column-gap-default\">\n\t\t\t\t\t<div class=\"elementor-column elementor-col-100 elementor-top-column elementor-element elementor-element-ebedc07\" data-id=\"ebedc07\" data-element_type=\"column\" data-e-type=\"column\">\n\t\t\t<div class=\"elementor-widget-wrap elementor-element-populated\">\n\t\t\t\t\t\t\t<\/div>\n\t\t<\/div>\n\t\t\t\t\t<\/div>\n\t\t<\/section>\n\t\t\t\t<\/div>\n\t\t","protected":false},"excerpt":{"rendered":"<p>Les Actualit\u00e9s Amiti\u00e9 C&rsquo;est le plus pur et le plus fort des sentiments humains. Respect S&rsquo;\u00e9couter les uns et les autres, prendre soin du mat\u00e9riel et accepter les r\u00e8gles. Solidarit\u00e9 Encourager ses partenaires dans les moments difficiles et les soutenir.<\/p>\n","protected":false},"author":1,"featured_media":0,"parent":0,"menu_order":0,"comment_status":"closed","ping_status":"closed","template":"","meta":{"_seopress_robots_primary_cat":"","_seopress_titles_title":"","_seopress_titles_desc":"Site officiel du club de football Hiriburuko Ainhara Football (HAF) \u00e0 Saint Pierre d\u2019Irube\/Hiriburu.","_seopress_robots_index":"","footnotes":""},"class_list":["post-249","page","type-page","status-publish","hentry"],"_links":{"self":[{"href":"https:\/\/www.hiriburukoainharafootball.fr\/index.php\/wp-json\/wp\/v2\/pages\/249","targetHints":{"allow":["GET"]}}],"collection":[{"href":"https:\/\/www.hiriburukoainharafootball.fr\/index.php\/wp-json\/wp\/v2\/pages"}],"about":[{"href":"https:\/\/www.hiriburukoainharafootball.fr\/index.php\/wp-json\/wp\/v2\/types\/page"}],"author":[{"embeddable":true,"href":"https:\/\/www.hiriburukoainharafootball.fr\/index.php\/wp-json\/wp\/v2\/users\/1"}],"replies":[{"embeddable":true,"href":"https:\/\/www.hiriburukoainharafootball.fr\/index.php\/wp-json\/wp\/v2\/comments?post=249"}],"version-history":[{"count":470,"href":"https:\/\/www.hiriburukoainharafootball.fr\/index.php\/wp-json\/wp\/v2\/pages\/249\/revisions"}],"predecessor-version":[{"id":5120,"href":"https:\/\/www.hiriburukoainharafootball.fr\/index.php\/wp-json\/wp\/v2\/pages\/249\/revisions\/5120"}],"wp:attachment":[{"href":"https:\/\/www.hiriburukoainharafootball.fr\/index.php\/wp-json\/wp\/v2\/media?parent=249"}],"curies":[{"name":"wp","href":"https:\/\/api.w.org\/{rel}","templated":true}]}}